{"id":63843,"date":"2020-09-18T12:29:16","date_gmt":"2020-09-18T10:29:16","guid":{"rendered":"https:\/\/www.babidibulibros.com\/como-promocionamos-tu-libro-en-librerias\/"},"modified":"2023-07-27T13:11:16","modified_gmt":"2023-07-27T11:11:16","slug":"com-promocionem-el-teu-llibre-en-llibreries","status":"publish","type":"page","link":"https:\/\/www.babidibulibros.com\/ca\/com-promocionem-el-teu-llibre-en-llibreries\/","title":{"rendered":"Com promocionem el teu llibre en llibreries"},"content":{"rendered":"\n<h2 class=\"wp-block-heading\">Actes culturals<\/h2>\n\n\n\n<p>L&#8217;<strong>editorial BABIDI-B\u00da<\/strong>&nbsp;t\u00e9 entre les seves prioritats la convocat\u00f2ria d&#8217;actes culturals dirigits a&nbsp;<strong>difondre les nostres novetats<\/strong>&nbsp;i t\u00edtols de fons. Per fer aix\u00f2, nom\u00e9s has de comentar-nos les teves prefer\u00e8ncies i posarem tota la maquin\u00e0ria en marxa, amb l&#8217;objectiu de satisfer-les.&nbsp;<\/p>\n\n\n\n<p>Ens dirigirem a llibreries i seus culturals en el teu nom, oferint propostes atractives i argumentades amb l&#8217;objectiu de rebre respostes favorables de cada Responsable d&#8217;Esdeveniments o Gestor Cultural. <\/p>\n\n\n\n<p>Treballem m\u00e0 a m\u00e0 amb els responsables de les llibreries m\u00e9s importants del panorama per a l&#8217;organitzaci\u00f3 d&#8217;actes i esdeveniments que, al costat dels nostres autors, fan que els nostres llibres arribin, cada dia, a m\u00e9s petits grans lectors.<\/p>\n\n\n\n<h2 class=\"wp-block-heading\">Qu\u00e8 opinen els llibreters sobre BABIDI-B\u00da?<\/h2>\n\n\n\n<p><\/p>\n\n\n\n<div class=\"wp-block-group alignfull\"><div class=\"wp-block-group__inner-container is-layout-flow wp-block-group-is-layout-flow\">\n<div class=\"wp-block-columns alignwide are-vertically-aligned-center is-style-card is-layout-flex wp-container-core-columns-is-layout-9d6595d7 wp-block-columns-is-layout-flex\">\n<div class=\"wp-block-column is-vertically-aligned-center is-layout-flow wp-block-column-is-layout-flow\" style=\"flex-basis:33.33%\"><div class=\"wp-block-image is-style-default\">\n<figure class=\"aligncenter size-large is-resized\"><img loading=\"lazy\" decoding=\"async\" src=\"https:\/\/www.babidibulibros.com\/wp-content\/uploads\/2020\/11\/fnac-4.png\" alt=\"\" class=\"wp-image-2788\" width=\"215\" height=\"215\" srcset=\"https:\/\/www.babidibulibros.com\/wp-content\/uploads\/2020\/11\/fnac-4.png 960w, https:\/\/www.babidibulibros.com\/wp-content\/uploads\/2020\/11\/fnac-4-300x300.png 300w, https:\/\/www.babidibulibros.com\/wp-content\/uploads\/2020\/11\/fnac-4-768x768.png 768w\" sizes=\"auto, (max-width: 215px) 100vw, 215px\" \/><\/figure>\n<\/div><\/div>\n\n\n\n<div class=\"wp-block-column is-vertically-aligned-center is-layout-flow wp-block-column-is-layout-flow\" style=\"flex-basis:66.66%\">\n<h3 class=\"wp-block-heading\"><\/h3>\n\n\n\n<blockquote class=\"wp-block-quote is-style-large is-layout-flow wp-block-quote-is-layout-flow\">\n<p>Al costat de l&#8217;editorial BABIDI-B\u00da sempre es treballa de maravella. S\u00f3n molt professionals en el tracte i cuiden fins a l&#8217;\u00faltim detall. Hem organitzat presentacions de llibres conjuntament i sempre han funcionat molt b\u00e9, destacant especialment l&#8217;atenci\u00f3n que dediquen a tancar totes les questions amb antelaci\u00f3. Tot un plaer. <\/p>\n<\/blockquote>\n\n\n\n<h3 class=\"has-text-align-right wp-block-heading\">Vicent Ferrer, responsable de comunicaci\u00f3 Fnac Val\u00e8ncia i Castell\u00f3<\/h3>\n<\/div>\n<\/div>\n\n\n\n<div class=\"wp-block-columns are-vertically-aligned-center is-style-card is-layout-flex wp-container-core-columns-is-layout-9d6595d7 wp-block-columns-is-layout-flex\">\n<div class=\"wp-block-column is-vertically-aligned-center is-layout-flow wp-block-column-is-layout-flow\" style=\"flex-basis:66.66%\">\n<blockquote class=\"wp-block-quote is-style-large is-layout-flow wp-block-quote-is-layout-flow\">\n<p>Com a llibreters, el que podem destacar \u00e9s que les opinions dels  autors son un\u00e0nimes: estan encantats amb el resultat final dels seus llibres. I aix\u00f2 no \u00e9s f\u00e0cil quan en moltes ocasions s\u00f3n autores novells que tenen un ampli desconeixement de com funciona el m\u00f3n de l&#8217;edici\u00f3 i de la publicaci\u00f3. Respecte a la difusi\u00f3, la disponibilitat de tot el fons en distribu\u00efdors nacionals i, especialment, la bona atenci\u00f3 de l&#8217;editorial cap a les llibreries amb suport en la organitzaci\u00f3 i la difusi\u00f3 d&#8217;activitats que realitzem, \u00e9s un element important\u00edssim (que no s&#8217;ha de donar per suposat) en les relacions editor-llibreter- escriptor.&nbsp;<\/p>\n<\/blockquote>\n\n\n\n<h3 class=\"has-text-align-right wp-block-heading\">David Ramos, coordinador d&#8217;activitats culturals de la Librer\u00eda Central de Zaragoza<\/h3>\n<\/div>\n\n\n\n<div class=\"wp-block-column is-vertically-aligned-center is-layout-flow wp-block-column-is-layout-flow\" style=\"flex-basis:33.33%\"><div class=\"wp-block-image is-style-default\">\n<figure class=\"aligncenter size-large\"><img loading=\"lazy\" decoding=\"async\" width=\"142\" height=\"174\" src=\"https:\/\/www.babidibulibros.com\/wp-content\/uploads\/2020\/11\/librer\u00eda-central-2.png\" alt=\"\" class=\"wp-image-2797\"\/><\/figure>\n<\/div><\/div>\n<\/div>\n\n\n\n<div class=\"wp-block-columns alignwide are-vertically-aligned-center is-style-card is-layout-flex wp-container-core-columns-is-layout-9d6595d7 wp-block-columns-is-layout-flex\">\n<div class=\"wp-block-column is-vertically-aligned-center is-layout-flow wp-block-column-is-layout-flow\" style=\"flex-basis:33.33%\"><div class=\"wp-block-image is-style-default\">\n<figure class=\"alignright size-full\"><img loading=\"lazy\" decoding=\"async\" width=\"500\" height=\"180\" src=\"https:\/\/www.babidibulibros.com\/wp-content\/uploads\/2023\/03\/230307_Libreria-Luces_Logo.png\" alt=\"\" class=\"wp-image-57777\"\/><\/figure>\n<\/div><\/div>\n\n\n\n<div class=\"wp-block-column is-vertically-aligned-center is-layout-flow wp-block-column-is-layout-flow\" style=\"flex-basis:66.66%\">\n<blockquote class=\"wp-block-quote is-style-large is-layout-flow wp-block-quote-is-layout-flow\">\n<p>Per als llibreters de Librer\u00eda Luces \u00e9s un plaer treballar amb l&#8217;editorial BABIDI-B\u00da, no nom\u00e9s per la qualitat del seu fons, sin\u00f3 tamb\u00e9 per l&#8217;esfor\u00e7 i la il\u00b7lusi\u00f3 que posen en la difusi\u00f3 de les obres, sempre disposats a organtizar actes i tallers en col\u00b7laboraci\u00f3 amb les llibreries com espais culturals.&nbsp;<\/p>\n<\/blockquote>\n\n\n\n<h3 class=\"has-text-align-right wp-block-heading\">Laura Mar\u00edn, responsable de la Secci\u00f3 Infantil de Librer\u00eda Luces de M\u00e1laga<\/h3>\n<\/div>\n<\/div>\n\n\n\n<div class=\"wp-block-columns are-vertically-aligned-center is-style-card is-layout-flex wp-container-core-columns-is-layout-9d6595d7 wp-block-columns-is-layout-flex\">\n<div class=\"wp-block-column is-vertically-aligned-center is-layout-flow wp-block-column-is-layout-flow\" style=\"flex-basis:66.66%\">\n<blockquote class=\"wp-block-quote is-style-large is-layout-flow wp-block-quote-is-layout-flow\">\n<p>El que m\u00e9s destacaria de BABIDI-B\u00da \u00e9s la valentia de publicar llibres d&#8217;autors o il\u00b7lustradors menys coneguts, per\u00f2 no menys valuosos, brindant-los la possibilitat de veure les seves obres publicades en un format de llibre o \u00e0lbum de qualitat. Pel  que observem, l&#8217;editorial est\u00e0 molt compromesa amb els seus autors i facilita la seva pres\u00e8ncia en llibreries amb presentacions, tallers o contacontes que ajuden a donar m\u00e9s visibilitat als seus llibres. La seva distribuci\u00f3, \u00e0gil i segura, permet la pres\u00e8ncia dels seus t\u00edtols en totes las llibreries, oferint m\u00e9s oportunitats de venda.<\/p>\n<\/blockquote>\n\n\n\n<h3 class=\"has-text-align-right wp-block-heading\">Chiara, llibretera a Librer\u00eda Di\u00f3genes<\/h3>\n<\/div>\n\n\n\n<div class=\"wp-block-column is-vertically-aligned-center is-layout-flow wp-block-column-is-layout-flow\" style=\"flex-basis:33.33%\"><div class=\"wp-block-image is-style-default\">\n<figure class=\"aligncenter size-large\"><img loading=\"lazy\" decoding=\"async\" width=\"660\" height=\"185\" src=\"https:\/\/www.babidibulibros.com\/wp-content\/uploads\/2020\/11\/diogenes.png\" alt=\"\" class=\"wp-image-2762\"\/><\/figure>\n<\/div><\/div>\n<\/div>\n\n\n\n<div class=\"wp-block-columns alignwide are-vertically-aligned-center is-style-card is-layout-flex wp-container-core-columns-is-layout-9d6595d7 wp-block-columns-is-layout-flex\">\n<div class=\"wp-block-column is-vertically-aligned-center is-layout-flow wp-block-column-is-layout-flow\" style=\"flex-basis:33.33%\">\n<figure class=\"wp-block-image size-large\"><img loading=\"lazy\" decoding=\"async\" width=\"283\" height=\"283\" src=\"https:\/\/www.babidibulibros.com\/wp-content\/uploads\/2021\/01\/Logo_Laurel_Resenas.png\" alt=\"\" class=\"wp-image-4799\"\/><\/figure>\n<\/div>\n\n\n\n<div class=\"wp-block-column is-vertically-aligned-center is-layout-flow wp-block-column-is-layout-flow\" style=\"flex-basis:66.66%\">\n<blockquote class=\"wp-block-quote is-style-large is-layout-flow wp-block-quote-is-layout-flow\">\n<p>Des de la Librer\u00eda Laurel estem agra\u00efts amb BABIDI-B\u00da des del dia que us vam trucar per demanar-vos que algun dels vostres autors ens acompany\u00e9s firmant els seus llibres a la Feria del libro de Vallecas. Des d&#8217;aquell moment, ens poseu en contacte amb ells, us preocupeu que no faltin llibres a las distribu\u00efdores, dissenyeu els cartells amb el nostre logotip i el de BABIDI-B\u00da per a las fires, les presentacions, els contacontes, feu promocions a la vostra web i xarxes socials&#8230;<\/p>\n\n\n\n<p>Per a nosaltres, sou una editorial enormement propera i compromesa amb els autors i amb les llibreries de proximitat. Ajudeu a fomentar la lectura i feu possible que els nens coneguin aquells que escriuen hist\u00f2ries per a ells. A Librer\u00eda Laurel, els vostres llibres sempre tindran un espai en les nostres prestatgeries. Molt\u00edssimes gr\u00e0cies per introduir-nos en el m\u00e0gic m\u00f3n dels contacontes.<\/p>\n<\/blockquote>\n\n\n\n<h3 class=\"has-text-align-right wp-block-heading\">Loli Torrico, llibretera de Librer\u00eda Laurel<\/h3>\n<\/div>\n<\/div>\n<\/div><\/div>\n\n\n\n<h2 class=\"has-text-align-center wp-block-heading\">Descobreix les nostres llibreries amigues<\/h2>\n\n\n\n<p>Com pots comprovar, tenim una gran relaci\u00f3 amb m\u00faltiples llibreters i, per la nostra sort, cada vegada hi ha m\u00e9s<strong> llibreries amigues<\/strong> que confien en nosaltres per a la celebraci\u00f3 de presentacions, tallers, contacontes&#8230; <strong>Cerca la llibreria m\u00e9s propera a tu<\/strong> i gaudeix de la lectura. <\/p>\n\n\n\n<p>Tingues en compte que aquest \u00e9s un mapa viu! Sempre estem coneixent noves llibreries i professionals incre\u00efbles.<\/p>\n\n\n<style>\r\n\t#wpsl-stores .wpsl-store-thumb {height:45px !important; width:45px !important;}\r\n\t#wpsl-stores, #wpsl-direction-details, #wpsl-gmap {height:350px !important;}\r\n\t#wpsl-gmap .wpsl-info-window {max-width:225px !important;}\r\n\t.wpsl-input label, #wpsl-radius label, #wpsl-category label {width:95px;}\r\n\t#wpsl-search-input  {width:179px;}\r\n<\/style>\r\n<div id=\"wpsl-wrap\">\r\n\t<div class=\"wpsl-search wpsl-clearfix \">\r\n\t\t<div id=\"wpsl-search-wrap\">\r\n\t\t\t<form autocomplete=\"off\">\r\n\t\t\t<div class=\"wpsl-input\">\r\n\t\t\t\t<div><label for=\"wpsl-search-input\">La vostra ubicaci\u00f3<\/label><\/div>\r\n\t\t\t\t<input id=\"wpsl-search-input\" type=\"text\" value=\"\" name=\"wpsl-search-input\" placeholder=\"\" aria-required=\"true\" \/>\r\n\t\t\t<\/div>\r\n\t\t\t<div class=\"wpsl-select-wrap\">\r\n\t\t\t\t<div id=\"wpsl-radius\">\r\n\t\t\t\t\t<label for=\"wpsl-radius-dropdown\">Radi de cerca<\/label>\r\n\t\t\t\t\t<select id=\"wpsl-radius-dropdown\" class=\"wpsl-dropdown\" name=\"wpsl-radius\">\r\n\t\t\t\t\t\t<option value=\"25\">25 km<\/option><option value=\"50\">50 km<\/option><option value=\"100\">100 km<\/option><option value=\"200\">200 km<\/option><option value=\"500\">500 km<\/option><option value=\"1000\">1000 km<\/option><option selected=\"selected\" value=\"1500\">1500 km<\/option>\r\n\t\t\t\t\t<\/select>\r\n\t\t\t\t<\/div>\r\n\t\t\t\t<div id=\"wpsl-results\">\r\n\t\t\t\t\t<label for=\"wpsl-results-dropdown\">Resultats<\/label>\r\n\t\t\t\t\t<select id=\"wpsl-results-dropdown\" class=\"wpsl-dropdown\" name=\"wpsl-results\">\r\n\t\t\t\t\t\t<option value=\"25\">25<\/option><option value=\"50\">50<\/option><option value=\"75\">75<\/option><option value=\"100\">100<\/option><option selected=\"selected\" value=\"500\">500<\/option>\r\n\t\t\t\t\t<\/select>\r\n\t\t\t\t<\/div>\r\n\t\t\t<\/div>\r\n\t\t\t\t<div class=\"wpsl-search-btn-wrap\"><input id=\"wpsl-search-btn\" type=\"submit\" value=\"Cerca\"><\/div>\r\n\t\t<\/form>\r\n\t\t<\/div>\r\n\t<\/div>\r\n\t<div id=\"wpsl-gmap\" class=\"wpsl-gmap-canvas\"><\/div>\r\n\t<div id=\"wpsl-result-list\">\r\n\t\t<div id=\"wpsl-stores\" >\r\n\t\t\t<ul><\/ul>\r\n\t\t<\/div>\r\n\t\t<div id=\"wpsl-direction-details\">\r\n\t\t\t<ul><\/ul>\r\n\t\t<\/div>\r\n\t<\/div>\r\n<\/div>\r\n\n\n\n\n<div id=\"contact-block_5af3264811f34c009a8911406d050546\" class=\"block-contact\">\n\t<div class=\"block-contact-txt\">\n\t\t<h2>Contacta amb nosaltres<\/h2>\n\t\t<p>Truca&#8217;ns o demana&#8217;ns que et truquem per demanar assessorament<\/p>\n\t<\/div>\n\t<div class=\"block-contact-items\">\n\t\t<div class=\"contact-item\">\n\t\t\t<a href=\"https:\/\/api.whatsapp.com\/send?phone=34653754771&#038;\" alt=\"Whatsapp Babidibu\" rel=\"nofollow noopener\" target=\"_blank\">\n\t\t\t\t<div class=\"contact-item-icon\">\n\t\t\t\t\t<i class=\"ri-whatsapp-line\"><\/i> \n\t\t\t\t<\/div>\n\t\t\t\t<div class=\"contact-item-txt\">\n\t\t\t\t\tWhatsApp\n\t\t\t\t<\/div>\n\t\t\t<\/a>\n\t\t<\/div>\n\t\t<div class=\"contact-item\">\n\t\t\t<a href=\"tel:+34653754771\" alt=\"Trucar per tel\u00e8fon a Babidib\u00fa\">\n\t\t\t\t<div class=\"contact-item-icon\">\n\t\t\t\t\t<i class=\"ri-smartphone-line\"><\/i>\n\t\t\t\t<\/div>\n\t\t\t\t<div class=\"contact-item-txt\">\n\t\t\t\tTel\u00e8fon\t\t\t\t<\/div>\n\t\t\t<\/a>\n\t\t<\/div>\n\t\t<div class=\"contact-item\">\n\t\t\t<a href=\"https:\/\/www.babidibulibros.com\/publica-con-nosotros\/\">\n\t\t\t\t<div class=\"contact-item-icon\">\n\t\t\t\t\t<i class=\"ri-file-list-3-line\"><\/i>\n\t\t\t\t<\/div>\n\t\t\t\t<div class=\"contact-item-txt\">\n\t\t\t\t\tManuscrit\t\t\t\t<\/div>\n\t\t\t<\/a>\n\t\t<\/div>\n\t<\/div>\n<\/div>\n\n\n<h2 class=\"has-text-align-center wp-block-heading\">Presentacions, contacontes, tallers, trobades.. <br>\u00a1i molt m\u00e9s!<\/h2>\n\n\n\n<p>Hi ha una gran quantitat d&#8217;opcions per presentar als lectors la nostra obra, tot i que en definitiva agrupem els models de convocat\u00f2ria en dues categories:<\/p>\n\n\n\n<h3 class=\"is-style-steps wp-block-heading\">Actes en cadenes, llibreries independents, papereries i altres punts de venda.<\/h3>\n\n\n\n<p>Buscarem amb tu el format de l&#8217;acte m\u00e9s adequat, triant aquell amb el qual et sentis m\u00e9s c\u00f2mode i identificat, sense oblidar el p\u00fablic al qual va dirigit el llibre i assegurant el major \u00e8xit comercial de l&#8217;acte.<\/p>\n\n\n\n<h3 class=\"wp-block-heading\">&gt;Per a nens de 2 a 9 anys: contacontes amb taller<\/h3>\n\n\n\n<p>L&#8217;experi\u00e8ncia ens diu que el model de &nbsp;<strong>Contacontes + Taller<\/strong>&nbsp;obt\u00e9 bons resultats tant en assistents com en registres de venda, sempre que l&#8217;acte estigui orientat a&nbsp;<strong>nens de 2 a 9 anys<\/strong>. L&#8217;enfocament del&nbsp;<strong>taller&nbsp;<\/strong>haur\u00e0 d&#8217;adaptar-se a l&#8217;edat concreta de cada acte.<\/p>\n\n\n\n<figure class=\"wp-block-gallery has-nested-images columns-default is-cropped wp-block-gallery-1 is-layout-flex wp-block-gallery-is-layout-flex\">\n<figure class=\"wp-block-image size-large\"><img loading=\"lazy\" decoding=\"async\" width=\"1110\" height=\"710\" data-id=\"2644\" src=\"https:\/\/www.babidibulibros.com\/wp-content\/uploads\/2020\/11\/2-1110x710.jpg\" alt=\"\" class=\"wp-image-2644\" srcset=\"https:\/\/www.babidibulibros.com\/wp-content\/uploads\/2020\/11\/2-1110x710.jpg 1110w, https:\/\/www.babidibulibros.com\/wp-content\/uploads\/2020\/11\/2-469x300.jpg 469w, https:\/\/www.babidibulibros.com\/wp-content\/uploads\/2020\/11\/2-768x491.jpg 768w, https:\/\/www.babidibulibros.com\/wp-content\/uploads\/2020\/11\/2.jpg 1237w\" sizes=\"auto, (max-width: 1110px) 100vw, 1110px\" \/><\/figure>\n\n\n\n<figure class=\"wp-block-image size-large\"><img loading=\"lazy\" decoding=\"async\" width=\"692\" height=\"823\" data-id=\"2645\" src=\"https:\/\/www.babidibulibros.com\/wp-content\/uploads\/2020\/11\/8.jpg\" alt=\"\" class=\"wp-image-2645\" srcset=\"https:\/\/www.babidibulibros.com\/wp-content\/uploads\/2020\/11\/8.jpg 692w, https:\/\/www.babidibulibros.com\/wp-content\/uploads\/2020\/11\/8-252x300.jpg 252w\" sizes=\"auto, (max-width: 692px) 100vw, 692px\" \/><\/figure>\n\n\n\n<figure class=\"wp-block-image size-large\"><img loading=\"lazy\" decoding=\"async\" width=\"1110\" height=\"608\" data-id=\"2640\" src=\"https:\/\/www.babidibulibros.com\/wp-content\/uploads\/2020\/11\/7-1110x608.jpg\" alt=\"\" class=\"wp-image-2640\" srcset=\"https:\/\/www.babidibulibros.com\/wp-content\/uploads\/2020\/11\/7-1110x608.jpg 1110w, https:\/\/www.babidibulibros.com\/wp-content\/uploads\/2020\/11\/7-548x300.jpg 548w, https:\/\/www.babidibulibros.com\/wp-content\/uploads\/2020\/11\/7-768x420.jpg 768w, https:\/\/www.babidibulibros.com\/wp-content\/uploads\/2020\/11\/7.jpg 1381w\" sizes=\"auto, (max-width: 1110px) 100vw, 1110px\" \/><\/figure>\n\n\n\n<figure class=\"wp-block-image size-large\"><img loading=\"lazy\" decoding=\"async\" width=\"1110\" height=\"678\" data-id=\"2639\" src=\"https:\/\/www.babidibulibros.com\/wp-content\/uploads\/2020\/11\/1-1110x678.jpg\" alt=\"\" class=\"wp-image-2639\" srcset=\"https:\/\/www.babidibulibros.com\/wp-content\/uploads\/2020\/11\/1-1110x678.jpg 1110w, https:\/\/www.babidibulibros.com\/wp-content\/uploads\/2020\/11\/1-491x300.jpg 491w, https:\/\/www.babidibulibros.com\/wp-content\/uploads\/2020\/11\/1-768x469.jpg 768w, https:\/\/www.babidibulibros.com\/wp-content\/uploads\/2020\/11\/1.jpg 1234w\" sizes=\"auto, (max-width: 1110px) 100vw, 1110px\" \/><\/figure>\n\n\n\n<figure class=\"wp-block-image size-large\"><img loading=\"lazy\" decoding=\"async\" width=\"1110\" height=\"557\" data-id=\"2646\" src=\"https:\/\/www.babidibulibros.com\/wp-content\/uploads\/2020\/11\/3-1110x557.jpg\" alt=\"\" class=\"wp-image-2646\" srcset=\"https:\/\/www.babidibulibros.com\/wp-content\/uploads\/2020\/11\/3-1110x557.jpg 1110w, https:\/\/www.babidibulibros.com\/wp-content\/uploads\/2020\/11\/3-598x300.jpg 598w, https:\/\/www.babidibulibros.com\/wp-content\/uploads\/2020\/11\/3-768x386.jpg 768w, https:\/\/www.babidibulibros.com\/wp-content\/uploads\/2020\/11\/3.jpg 1500w\" sizes=\"auto, (max-width: 1110px) 100vw, 1110px\" \/><\/figure>\n<\/figure>\n\n\n\n<p><\/p>\n\n\n\n<p>Per als tallers orientats als m\u00e9s petits, recomanem&nbsp;<strong>manualitats&nbsp;<\/strong>amb materials nets (llapis de cera, cartolines, etc.), sense risc de tacar les mans dels nens i, per tant, els llibres que aquests fullegin.<\/p>\n\n\n\n<h3 class=\"wp-block-heading\">&gt;Per a nens majors de 10 anys: presentaci\u00f3 amb col\u00b7loqui<\/h3>\n\n\n\n<p>El model de Presentaci\u00f3 + Col\u00b7loqui \u00e9s molt \u00fatil quan els actes s\u00f3n dirigits a nens de 10 anys en endavant.<\/p>\n\n\n\n<p>Aprofitem el&nbsp;<strong>coloqui&nbsp;<\/strong>per augmentar l&#8217;inter\u00e8s dels assistents desvetllant algun aspecte rellevant de la trama, per\u00f2 sense arribar a &#8220;desglossar-la&#8221;, utilitzant l&#8217;esquema de &#8220;preguntes i respostes&#8221;.<\/p>\n\n\n\n<h3 class=\"is-style-steps wp-block-heading\">Actes en seus culturals: biblioteques, centres escolars, fundacions&#8230;<\/h3>\n\n\n\n<p class=\"is-style-steps\">La difer\u00e8ncia amb el model d&#8217;actes desenvolupats a llibreries es redueix als llibres disponibles per a la venda durant l&#8217;acte: en aquests casos, la venda pot atendre&#8217;s amb exemplars de l&#8217;autor, segons convingui.<br>Et recomanem aquest model d&#8217;acte quan desitgis obtenir un benefici immediat del teu esfor\u00e7 i et donarem suport en tot moment.<\/p>\n\n\n\n\n<div id=\"video-bg-block_eebe34eabf75e9e13a2b73b188fa19ea\" class=\"block-video-bg video-bg\">\n\n\t\t\n\t<video autoplay=\"\" loop=\"\" playsinline=\"\" muted=\"\" preload=\"auto\"> \n\t\t<source src=\"https:\/\/www.babidibulibros.com\/wp-content\/uploads\/2022\/09\/05.mp4\" type=\"video\/mp4\">\n\t<\/video>\n\n\t<div class=\"block-video-bg-body\">\n\t\t<h2>Presentacions inoblidables<\/h2>\n<p>Les presentacions s\u00f3n els moments m\u00e9s importants en la vida del llibre i farem tot el possible perqu\u00e8 siguin inoblidables.<\/p>\n\t\t<div class=\"block-video-bg-buttons\">\n\t\t\t\t\t\t\t<a class=\"btn btn-primary\" href=\"https:\/\/www.babidibulibros.com\/ca\/videos\/cuentacuentoscat\/\">\n\t\t\t\t\tVisita #TeCuentoMiCuento\t\t\t\t<\/a>\n\t\t\t\t\t\t\t\t<\/div>\n\t<\/div>\n\t<div class=\"block-video-bg-overlay\"><\/div>\n<\/div>  \n\n\n<p><\/p>\n\n\n\n<div class=\"wp-block-group\"><div class=\"wp-block-group__inner-container is-layout-flow wp-block-group-is-layout-flow\">\n<p>Comptar\u00e0s amb les mateixes possibilitats esmentades anteriorment i amb el <strong>nostre assessorament<\/strong>&nbsp;a l\u2019hora de trobar el format idoni per a cada seu cultural: des d&#8217;una presentaci\u00f3 formal i acad\u00e8mica fins a una entrevista &#8211; col\u00b7loqui amb algun membre de la instituci\u00f3 col\u00b7laboradora. <\/p>\n\n\n\n<p>Aquestes idees s\u00f3n el punt de partida d&#8217;una s\u00e8rie&nbsp;<strong>d&#8217;accions orientades a implementar la tasca comercial que el nostre distribu\u00efdor realitza<\/strong>, aix\u00ed com les que vosaltres, els autors, aporteu a trav\u00e9s de les vostres xarxes socials. .<\/p>\n\n\n\n<p><strong>Ens agraden els autors proactius<\/strong>; les vostres idees s\u00f3n valorades i integrades en totes les fases per les quals avan\u00e7a un projecte editorial: des del moment de la&nbsp;<strong>maquetaci\u00f3 i diseny<\/strong>, fins que el llibre es troba als prestatges de les llibreries. Estem a l&#8217;espera de con\u00e8ixer les teves!<\/p>\n<\/div><\/div>\n\n\n\n<div class=\"wp-block-group\"><div class=\"wp-block-group__inner-container is-layout-flow wp-block-group-is-layout-flow\">\n<h2 class=\"has-text-align-left wp-block-heading\">Cartells, invitacions i difusi\u00f3 a les xarxes socials<\/h2>\n\n\n\n<div class=\"wp-block-columns are-vertically-aligned-center is-style-default is-layout-flex wp-container-core-columns-is-layout-9d6595d7 wp-block-columns-is-layout-flex\">\n<div class=\"wp-block-column is-vertically-aligned-center is-layout-flow wp-block-column-is-layout-flow\">\n<figure class=\"wp-block-gallery has-nested-images columns-default is-cropped wp-block-gallery-2 is-layout-flex wp-block-gallery-is-layout-flex\">\n<figure class=\"wp-block-image size-full is-style-default\"><img loading=\"lazy\" decoding=\"async\" width=\"1200\" height=\"1200\" data-id=\"65154\" src=\"https:\/\/www.babidibulibros.com\/wp-content\/uploads\/2023\/07\/Amelia-no-se-bana_cartel-CAT.jpg\" alt=\"\" class=\"wp-image-65154\" srcset=\"https:\/\/www.babidibulibros.com\/wp-content\/uploads\/2023\/07\/Amelia-no-se-bana_cartel-CAT.jpg 1200w, https:\/\/www.babidibulibros.com\/wp-content\/uploads\/2023\/07\/Amelia-no-se-bana_cartel-CAT-300x300.jpg 300w, https:\/\/www.babidibulibros.com\/wp-content\/uploads\/2023\/07\/Amelia-no-se-bana_cartel-CAT-1024x1024.jpg 1024w, https:\/\/www.babidibulibros.com\/wp-content\/uploads\/2023\/07\/Amelia-no-se-bana_cartel-CAT-768x768.jpg 768w\" sizes=\"auto, (max-width: 1200px) 100vw, 1200px\" \/><\/figure>\n<\/figure>\n<\/div>\n\n\n\n<div class=\"wp-block-column is-vertically-aligned-center is-layout-flow wp-block-column-is-layout-flow\">\n<p>Disenyem cartells i invitacions&nbsp;amb els nostres logotips i els de la llibreria col\u00b7laboradora, per contribuir a la difusi\u00f3 de l&#8217;acte.<\/p>\n\n\n\n<p>La llibreria i l&#8217;editorial&nbsp;anunciarem l&#8217;acte al nostre lloc web, a les xarxes socials&nbsp;i als canals habituals, convidant a tots els nostres seguidors.<\/p>\n\n\n\n<p>Tu tamb\u00e9 disposar\u00e0s d&#8217;aquests instruments i et demanarem que els comparteixis amb tots aquells que siguin propers, perqu\u00e8 ning\u00fa es quedi sense con\u00e8ixer l&#8217;acte.<\/p>\n\n\n\n<div class=\"wp-block-buttons is-horizontal is-content-justification-center is-layout-flex wp-container-core-buttons-is-layout-499968f5 wp-block-buttons-is-layout-flex\">\n<div class=\"wp-block-button\"><a class=\"wp-block-button__link wp-element-button\" href=\"https:\/\/www.babidibulibros.com\/ca\/materiales-para-promocionar-tu-libro\/\" style=\"border-radius:50px\" target=\"_blank\" rel=\"https:\/\/www.babidibulibros.com\/servicios-para-promocionar-tu-libro\/ noopener noreferrer\">Descobreix m\u00e9s serveis de promoci\u00f3<\/a><\/div>\n<\/div>\n<\/div>\n<\/div>\n<\/div><\/div>\n\n\n\n<div class=\"wp-block-group\"><div class=\"wp-block-group__inner-container is-layout-flow wp-block-group-is-layout-flow\"><\/div><\/div>\n\n\n\n<hr class=\"wp-block-separator has-css-opacity\"\/>\n\n\n\n<section id=\"faq-block_2ef4bc8163c987d34c49c226dabeb685\" class=\"section section-faqs faq\">\n\t<div class=\"container\">\n\t\t\t\t\t<div class=\"accordion\" id=\"accordionFAQ\">\n\t\t\t\t\t\t\t         <div class=\"card\">\n\t\t\t            <div class=\"card-header\" id=\"heading-1\">\n\t\t\t               <button class=\"collapsed\" type=\"button\" data-toggle=\"collapse\" data-target=\"#collapse-1\" aria-expanded=\"false\" aria-controls=\"collapse-1\">\n\t\t\t               <span>Com ajuda l&#8217;editorial BABIDI-B\u00da a difondre l&#8217;obra?<\/span>\n\t\t\t               <\/button>\n\t\t\t            <\/div>\n\t\t\t            <div id=\"collapse-1\" class=\"collapse\" aria-labelledby=\"heading-1\" data-parent=\"#accordionFAQ\" style=\"\">\n\t\t\t               <div class=\"card-body\">\n\t\t\t                  L&#8217;editorial pren molt seriosament aquest tema, ja que preparem amb especial cura els diferents canals de difusi\u00f3 que utilitzem per distribuir la teva obra.\t\t\t               <\/div>\n\t\t\t            <\/div>\n\t\t\t         <\/div>\n\t\t\t\t\t\t\t         <div class=\"card\">\n\t\t\t            <div class=\"card-header\" id=\"heading-2\">\n\t\t\t               <button class=\"collapsed\" type=\"button\" data-toggle=\"collapse\" data-target=\"#collapse-2\" aria-expanded=\"false\" aria-controls=\"collapse-2\">\n\t\t\t               <span>Quins s\u00f3n aquests canals de difusi\u00f3?<\/span>\n\t\t\t               <\/button>\n\t\t\t            <\/div>\n\t\t\t            <div id=\"collapse-2\" class=\"collapse\" aria-labelledby=\"heading-2\" data-parent=\"#accordionFAQ\" style=\"\">\n\t\t\t               <div class=\"card-body\">\n\t\t\t                  Portem a terme diferents estrat\u00e8gies. Un dels nostres punts forts \u00e9s la convocat\u00f2ria d&#8217;actes a llibreries, biblioteques, fundacions, entre altres, que consensuem amb els autors, aix\u00ed com contacontes a llibreries o centres escolars per als llibres infantils. Tamb\u00e9 realitzem promoci\u00f3 als nostres perfils socials i al nostre lloc web.\t\t\t               <\/div>\n\t\t\t            <\/div>\n\t\t\t         <\/div>\n\t\t\t\t\t\t\t         <div class=\"card\">\n\t\t\t            <div class=\"card-header\" id=\"heading-3\">\n\t\t\t               <button class=\"collapsed\" type=\"button\" data-toggle=\"collapse\" data-target=\"#collapse-3\" aria-expanded=\"false\" aria-controls=\"collapse-3\">\n\t\t\t               <span>Com \u00e9s la feina de difusi\u00f3 a les xarxes socials de BABIDI-B\u00da?<\/span>\n\t\t\t               <\/button>\n\t\t\t            <\/div>\n\t\t\t            <div id=\"collapse-3\" class=\"collapse\" aria-labelledby=\"heading-3\" data-parent=\"#accordionFAQ\" style=\"\">\n\t\t\t               <div class=\"card-body\">\n\t\t\t                  Recopilem totes les not\u00edcies sobre el teu manuscrit al nostre lloc web, a m\u00e9s de difondre-les als nostres perfils socials. A m\u00e9s a m\u00e9s, realitzem diverses publicacions a les nostres xarxes socials, a trav\u00e9s de les quals arribem a un p\u00fablic molt nombr\u00f3s.\t\t\t               <\/div>\n\t\t\t            <\/div>\n\t\t\t         <\/div>\n\t\t\t\t\t\t\t         <div class=\"card\">\n\t\t\t            <div class=\"card-header\" id=\"heading-4\">\n\t\t\t               <button class=\"collapsed\" type=\"button\" data-toggle=\"collapse\" data-target=\"#collapse-4\" aria-expanded=\"false\" aria-controls=\"collapse-4\">\n\t\t\t               <span>Us encarregueu de fer les convocat\u00f2ries dels actes?<\/span>\n\t\t\t               <\/button>\n\t\t\t            <\/div>\n\t\t\t            <div id=\"collapse-4\" class=\"collapse\" aria-labelledby=\"heading-4\" data-parent=\"#accordionFAQ\" style=\"\">\n\t\t\t               <div class=\"card-body\">\n\t\t\t                  \u00c9s una tasca conjunta. Un cop estableixis el primer contacte amb l&#8217;espai on es realitzar\u00e0, treballem de forma conjunta perqu\u00e8 la presentaci\u00f3 sigui el m\u00e9s professional possible.\t\t\t               <\/div>\n\t\t\t            <\/div>\n\t\t\t         <\/div>\n\t\t\t\t\t\t\t         <div class=\"card\">\n\t\t\t            <div class=\"card-header\" id=\"heading-5\">\n\t\t\t               <button class=\"collapsed\" type=\"button\" data-toggle=\"collapse\" data-target=\"#collapse-5\" aria-expanded=\"false\" aria-controls=\"collapse-5\">\n\t\t\t               <span>Despr\u00e9s de convocar l&#8217;acte\/contacontes, seguiu fent promoci\u00f3?<\/span>\n\t\t\t               <\/button>\n\t\t\t            <\/div>\n\t\t\t            <div id=\"collapse-5\" class=\"collapse\" aria-labelledby=\"heading-5\" data-parent=\"#accordionFAQ\" style=\"\">\n\t\t\t               <div class=\"card-body\">\n\t\t\t                  Si, oferim l&#8217;obra a ressenyadors professionals per a la seva publicaci\u00f3 en llocs web especialitzats amb un ampli p\u00fablic, de manera que pugui arribar a ser m\u00e9s coneguda. Tamb\u00e9 realitzem notes de premsa de les noves obres, que distribu\u00efm per a la seva publicaci\u00f3 en diferents mitjans.\t\t\t               <\/div>\n\t\t\t            <\/div>\n\t\t\t         <\/div>\n\t\t\t\t\t\t\t         <div class=\"card\">\n\t\t\t            <div class=\"card-header\" id=\"heading-6\">\n\t\t\t               <button class=\"collapsed\" type=\"button\" data-toggle=\"collapse\" data-target=\"#collapse-6\" aria-expanded=\"false\" aria-controls=\"collapse-6\">\n\t\t\t               <span>Com heu dut a terme els contacontes?<\/span>\n\t\t\t               <\/button>\n\t\t\t            <\/div>\n\t\t\t            <div id=\"collapse-6\" class=\"collapse\" aria-labelledby=\"heading-6\" data-parent=\"#accordionFAQ\" style=\"\">\n\t\t\t               <div class=\"card-body\">\n\t\t\t                  Durant la pand\u00e8mia, com no es podien realitzar presentacions presencials, vam dur a terme l&#8217;acci\u00f3 #TeCuentoMiCuento, on els nostres autors van realitzar contes digitals a trav\u00e9s de v\u00eddeos, els quals han tingut una gran difusi\u00f3 per als nostres autors. Pots veure alguns d&#8217;aquests v\u00eddeos en aquest enlla\u00e7: https:\/\/www.babidibulibros.com\/cuenta-cuentos\/ . \t\t\t               <\/div>\n\t\t\t            <\/div>\n\t\t\t         <\/div>\n\t\t\t\t\t\t\t         <div class=\"card\">\n\t\t\t            <div class=\"card-header\" id=\"heading-7\">\n\t\t\t               <button class=\"collapsed\" type=\"button\" data-toggle=\"collapse\" data-target=\"#collapse-7\" aria-expanded=\"false\" aria-controls=\"collapse-7\">\n\t\t\t               <span>Realitzeu alguna altra forma de promoci\u00f3 per als autors?<\/span>\n\t\t\t               <\/button>\n\t\t\t            <\/div>\n\t\t\t            <div id=\"collapse-7\" class=\"collapse\" aria-labelledby=\"heading-7\" data-parent=\"#accordionFAQ\" style=\"\">\n\t\t\t               <div class=\"card-body\">\n\t\t\t                  A la nostra web estem realitzant una nova secci\u00f3 d&#8217;entrevistes, on realitzem una entrevista personalitzada als autors. En aquestes entrevistes, a m\u00e9s de parlar de l&#8217;obra, tens l&#8217;oportunitat com a escriptor de compartir nous aspectes del teu llibre, com el vas escriure, la idea que hi ha darrere, alguna an\u00e8cdota curiosa&#8230; que faci el llibre encara m\u00e9s interessant.\t\t\t               <\/div>\n\t\t\t            <\/div>\n\t\t\t         <\/div>\n\t\t\t\t\t\t\t         <div class=\"card\">\n\t\t\t            <div class=\"card-header\" id=\"heading-8\">\n\t\t\t               <button class=\"collapsed\" type=\"button\" data-toggle=\"collapse\" data-target=\"#collapse-8\" aria-expanded=\"false\" aria-controls=\"collapse-8\">\n\t\t\t               <span>I per a la promoci\u00f3 del llibre?<\/span>\n\t\t\t               <\/button>\n\t\t\t            <\/div>\n\t\t\t            <div id=\"collapse-8\" class=\"collapse\" aria-labelledby=\"heading-8\" data-parent=\"#accordionFAQ\" style=\"\">\n\t\t\t               <div class=\"card-body\">\n\t\t\t                  Posem a disposici\u00f3 material personalitzat per promocionar el teu llibre. Realitzem diferents materials com tasses, roll-up personalitzats, quaderns i agendes, expositors o punt de llibre personalitzats.\t\t\t               <\/div>\n\t\t\t            <\/div>\n\t\t\t         <\/div>\n\t\t\t\t\t\t\t<\/div>\n\t\t\t\t<div class=\"text-center support-text\">\n\t\t\t<p>Tens m\u00e9s preguntes? <a href=\"https:\/\/www.babidibulibros.com\/contacto\/\">Contacta amb nosaltres<\/a><\/p> \n\t\t<\/div>\n\t<\/div>\n\t<script type=\"application\/ld+json\">\n\t\t{\n\t    \t\"@context\": \"https:\/\/schema.org\",\n\t\t\t\"@type\": \"FAQPage\",\n\t\t\t\"mainEntity\": [\n\t\t\t\t\t\t\t\t\t{\n\t\t\t\t        \"@type\": \"Question\",\n\t\t\t\t        \"name\": \"Com ajuda l'editorial BABIDI-B\u00da a difondre l'obra?\",\n\t\t\t\t        \"acceptedAnswer\": {\n\t\t\t\t        \t\"@type\": \"Answer\",\n\t\t\t\t\t\t\t\"text\": \"L'editorial pren molt seriosament aquest tema, ja que preparem amb especial cura els diferents canals de difusi\u00f3 que utilitzem per distribuir la teva obra.\"\n\t\t\t\t\t\t}\n\t\t\t\t    }\n\t\t\t\t    \t\t\t\t    \n\t\t\t\t\t\t\t\t\t\t,{\n\t\t\t\t\t        \"@type\": \"Question\",\n\t\t\t\t\t        \"name\": \"Quins s\u00f3n aquests canals de difusi\u00f3?\",\n\t\t\t\t\t        \"acceptedAnswer\": {\n\t\t\t\t\t        \t\"@type\": \"Answer\",\n\t\t\t\t\t\t\t\t\"text\": \"Portem a terme diferents estrat\u00e8gies. Un dels nostres punts forts \u00e9s la convocat\u00f2ria d'actes a llibreries, biblioteques, fundacions, entre altres, que consensuem amb els autors, aix\u00ed com contacontes a llibreries o centres escolars per als llibres infantils. Tamb\u00e9 realitzem promoci\u00f3 als nostres perfils socials i al nostre lloc web.\"\n\t\t\t\t\t\t\t}\n\t\t\t\t\t    }\n\t\t\t\t    \t\t\t\t    \n\t\t\t\t\t\t\t\t\t\t,{\n\t\t\t\t\t        \"@type\": \"Question\",\n\t\t\t\t\t        \"name\": \"Com \u00e9s la feina de difusi\u00f3 a les xarxes socials de BABIDI-B\u00da?\",\n\t\t\t\t\t        \"acceptedAnswer\": {\n\t\t\t\t\t        \t\"@type\": \"Answer\",\n\t\t\t\t\t\t\t\t\"text\": \"Recopilem totes les not\u00edcies sobre el teu manuscrit al nostre lloc web, a m\u00e9s de difondre-les als nostres perfils socials. A m\u00e9s a m\u00e9s, realitzem diverses publicacions a les nostres xarxes socials, a trav\u00e9s de les quals arribem a un p\u00fablic molt nombr\u00f3s.\"\n\t\t\t\t\t\t\t}\n\t\t\t\t\t    }\n\t\t\t\t    \t\t\t\t    \n\t\t\t\t\t\t\t\t\t\t,{\n\t\t\t\t\t        \"@type\": \"Question\",\n\t\t\t\t\t        \"name\": \"Us encarregueu de fer les convocat\u00f2ries dels actes?\",\n\t\t\t\t\t        \"acceptedAnswer\": {\n\t\t\t\t\t        \t\"@type\": \"Answer\",\n\t\t\t\t\t\t\t\t\"text\": \"\u00c9s una tasca conjunta. Un cop estableixis el primer contacte amb l'espai on es realitzar\u00e0, treballem de forma conjunta perqu\u00e8 la presentaci\u00f3 sigui el m\u00e9s professional possible.\"\n\t\t\t\t\t\t\t}\n\t\t\t\t\t    }\n\t\t\t\t    \t\t\t\t    \n\t\t\t\t\t\t\t\t\t\t,{\n\t\t\t\t\t        \"@type\": \"Question\",\n\t\t\t\t\t        \"name\": \"Despr\u00e9s de convocar l'acte\/contacontes, seguiu fent promoci\u00f3?\",\n\t\t\t\t\t        \"acceptedAnswer\": {\n\t\t\t\t\t        \t\"@type\": \"Answer\",\n\t\t\t\t\t\t\t\t\"text\": \"Si, oferim l'obra a ressenyadors professionals per a la seva publicaci\u00f3 en llocs web especialitzats amb un ampli p\u00fablic, de manera que pugui arribar a ser m\u00e9s coneguda. Tamb\u00e9 realitzem notes de premsa de les noves obres, que distribu\u00efm per a la seva publicaci\u00f3 en diferents mitjans.\"\n\t\t\t\t\t\t\t}\n\t\t\t\t\t    }\n\t\t\t\t    \t\t\t\t    \n\t\t\t\t\t\t\t\t\t\t,{\n\t\t\t\t\t        \"@type\": \"Question\",\n\t\t\t\t\t        \"name\": \"Com heu dut a terme els contacontes?\",\n\t\t\t\t\t        \"acceptedAnswer\": {\n\t\t\t\t\t        \t\"@type\": \"Answer\",\n\t\t\t\t\t\t\t\t\"text\": \"Durant la pand\u00e8mia, com no es podien realitzar presentacions presencials, vam dur a terme l'acci\u00f3 #TeCuentoMiCuento, on els nostres autors van realitzar contes digitals a trav\u00e9s de v\u00eddeos, els quals han tingut una gran difusi\u00f3 per als nostres autors. Pots veure alguns d'aquests v\u00eddeos en aquest enlla\u00e7: https:\/\/www.babidibulibros.com\/cuenta-cuentos\/ . \"\n\t\t\t\t\t\t\t}\n\t\t\t\t\t    }\n\t\t\t\t    \t\t\t\t    \n\t\t\t\t\t\t\t\t\t\t,{\n\t\t\t\t\t        \"@type\": \"Question\",\n\t\t\t\t\t        \"name\": \"Realitzeu alguna altra forma de promoci\u00f3 per als autors?\",\n\t\t\t\t\t        \"acceptedAnswer\": {\n\t\t\t\t\t        \t\"@type\": \"Answer\",\n\t\t\t\t\t\t\t\t\"text\": \"A la nostra web estem realitzant una nova secci\u00f3 d'entrevistes, on realitzem una entrevista personalitzada als autors. En aquestes entrevistes, a m\u00e9s de parlar de l'obra, tens l'oportunitat com a escriptor de compartir nous aspectes del teu llibre, com el vas escriure, la idea que hi ha darrere, alguna an\u00e8cdota curiosa... que faci el llibre encara m\u00e9s interessant.\"\n\t\t\t\t\t\t\t}\n\t\t\t\t\t    }\n\t\t\t\t    \t\t\t\t    \n\t\t\t\t\t\t\t\t\t\t,{\n\t\t\t\t\t        \"@type\": \"Question\",\n\t\t\t\t\t        \"name\": \"I per a la promoci\u00f3 del llibre?\",\n\t\t\t\t\t        \"acceptedAnswer\": {\n\t\t\t\t\t        \t\"@type\": \"Answer\",\n\t\t\t\t\t\t\t\t\"text\": \"Posem a disposici\u00f3 material personalitzat per promocionar el teu llibre. Realitzem diferents materials com tasses, roll-up personalitzats, quaderns i agendes, expositors o punt de llibre personalitzats.\"\n\t\t\t\t\t\t\t}\n\t\t\t\t\t    }\n\t\t\t\t    \t\t\t\t    \n\t\t\t\t\t\t\t]\n\t    }\n    <\/script>    \n<\/section>\n\n\n\n\n\n\n\n\n\n\n\n<h2 class=\"has-text-align-center wp-block-heading\">Tens m\u00e9s preguntes?<\/h2>\n\n\n\n<p>Contacta amb nosaltres o llegeix les notres preguntes m\u00e9s freq\u00fcents sobre la publicaci\u00f3 de llibres infantils<\/p>\n\n\n\n<div id=\"contact-block_5af3264811f34c009a8911406d050546\" class=\"block-contact\">\n\t<div class=\"block-contact-txt\">\n\t\t<h2>Contacta amb nosaltres<\/h2>\n\t\t<p>Truca&#8217;ns o demana&#8217;ns que et truquem per demanar assessorament<\/p>\n\t<\/div>\n\t<div class=\"block-contact-items\">\n\t\t<div class=\"contact-item\">\n\t\t\t<a href=\"https:\/\/api.whatsapp.com\/send?phone=34653754771&#038;\" alt=\"Whatsapp Babidibu\" rel=\"nofollow noopener\" target=\"_blank\">\n\t\t\t\t<div class=\"contact-item-icon\">\n\t\t\t\t\t<i class=\"ri-whatsapp-line\"><\/i> \n\t\t\t\t<\/div>\n\t\t\t\t<div class=\"contact-item-txt\">\n\t\t\t\t\tWhatsApp\n\t\t\t\t<\/div>\n\t\t\t<\/a>\n\t\t<\/div>\n\t\t<div class=\"contact-item\">\n\t\t\t<a href=\"tel:+34653754771\" alt=\"Trucar per tel\u00e8fon a Babidib\u00fa\">\n\t\t\t\t<div class=\"contact-item-icon\">\n\t\t\t\t\t<i class=\"ri-smartphone-line\"><\/i>\n\t\t\t\t<\/div>\n\t\t\t\t<div class=\"contact-item-txt\">\n\t\t\t\tTel\u00e8fon\t\t\t\t<\/div>\n\t\t\t<\/a>\n\t\t<\/div>\n\t\t<div class=\"contact-item\">\n\t\t\t<a href=\"https:\/\/www.babidibulibros.com\/publica-con-nosotros\/\">\n\t\t\t\t<div class=\"contact-item-icon\">\n\t\t\t\t\t<i class=\"ri-file-list-3-line\"><\/i>\n\t\t\t\t<\/div>\n\t\t\t\t<div class=\"contact-item-txt\">\n\t\t\t\t\tManuscrit\t\t\t\t<\/div>\n\t\t\t<\/a>\n\t\t<\/div>\n\t<\/div>\n<\/div>","protected":false},"excerpt":{"rendered":"<p>Actes culturals L&#8217;editorial BABIDI-B\u00da&nbsp;t\u00e9 entre les seves prioritats la convocat\u00f2ria d&#8217;actes culturals dirigits a&nbsp;difondre les nostres novetats&nbsp;i t\u00edtols de fons. [&hellip;]<\/p>\n","protected":false},"author":5,"featured_media":0,"parent":0,"menu_order":85,"comment_status":"closed","ping_status":"closed","template":"","meta":{"_acf_changed":false,"content-type":"","footnotes":""},"class_list":["post-63843","page","type-page","status-publish","hentry"],"acf":[],"_links":{"self":[{"href":"https:\/\/www.babidibulibros.com\/ca\/wp-json\/wp\/v2\/pages\/63843","targetHints":{"allow":["GET"]}}],"collection":[{"href":"https:\/\/www.babidibulibros.com\/ca\/wp-json\/wp\/v2\/pages"}],"about":[{"href":"https:\/\/www.babidibulibros.com\/ca\/wp-json\/wp\/v2\/types\/page"}],"author":[{"embeddable":true,"href":"https:\/\/www.babidibulibros.com\/ca\/wp-json\/wp\/v2\/users\/5"}],"replies":[{"embeddable":true,"href":"https:\/\/www.babidibulibros.com\/ca\/wp-json\/wp\/v2\/comments?post=63843"}],"version-history":[{"count":2,"href":"https:\/\/www.babidibulibros.com\/ca\/wp-json\/wp\/v2\/pages\/63843\/revisions"}],"predecessor-version":[{"id":65663,"href":"https:\/\/www.babidibulibros.com\/ca\/wp-json\/wp\/v2\/pages\/63843\/revisions\/65663"}],"wp:attachment":[{"href":"https:\/\/www.babidibulibros.com\/ca\/wp-json\/wp\/v2\/media?parent=63843"}],"curies":[{"name":"wp","href":"https:\/\/api.w.org\/{rel}","templated":true}]}}