{"id":56546,"date":"2021-01-05T14:06:27","date_gmt":"2021-01-05T13:06:27","guid":{"rendered":"https:\/\/www.babidibulibros.com\/novedades-del-mes\/"},"modified":"2023-10-03T09:39:20","modified_gmt":"2023-10-03T07:39:20","slug":"novelties-of-the-month","status":"publish","type":"page","link":"https:\/\/www.babidibulibros.com\/en\/novelties-of-the-month\/","title":{"rendered":"Novelties of the month"},"content":{"rendered":"\n<div id=\"books-block_07ec9c14cfc4ec5e07bcab7950158598\" class=\"block-books\">\n\t<div class=\"row\">\n\t\t\n\t\t\t\t\t  \n\t\t\t\t<div class=\"col-lg-2 col-md-3 col-sm-4 col-6\">\n\t\t\t\t\t<div class=\"block-books-item\">\n\t\t\t\t\t\t<div class=\"block-books-img\">\n\t\t\t\t\t\t\t<a href=\"https:\/\/tienda.babidibulibros.com\/libro\/mi-aguita-amarilla_148599\/\">\n\t\t\t\t\t\t\t\t<img loading=\"lazy\" decoding=\"async\" width=\"600\" height=\"606\" src=\"https:\/\/www.babidibulibros.com\/wp-content\/uploads\/2023\/08\/edition-140953.jpg\" class=\"attachment-post-thumbnail size-post-thumbnail wp-post-image\" alt=\"\" srcset=\"https:\/\/www.babidibulibros.com\/wp-content\/uploads\/2023\/08\/edition-140953.jpg 600w, https:\/\/www.babidibulibros.com\/wp-content\/uploads\/2023\/08\/edition-140953-297x300.jpg 297w\" sizes=\"auto, (max-width: 600px) 100vw, 600px\" \/>\t\t\t\t\t\t\t<\/a>\n\t\t\t\t\t\t<\/div>\n\t\t\t\t\t\t<div class=\"block-books-body\">\n\t\t\t\t\t\t\t<h3>Mi ag\u00fcita amarilla<\/h3>\n\t\t\t\t\t\t\t<p>Pablo Carbonell |Dinainmita<\/p>\n\t\t\t\t\t\t<\/div>\n\t\t\t\t\t<\/div>\n\t\t\t\t<\/div>\n\t\t\t\n\t\t\t\t\t\t  \n\t\t\t\t<div class=\"col-lg-2 col-md-3 col-sm-4 col-6\">\n\t\t\t\t\t<div class=\"block-books-item\">\n\t\t\t\t\t\t<div class=\"block-books-img\">\n\t\t\t\t\t\t\t<a href=\"https:\/\/tienda.babidibulibros.com\/libro\/juan-con-miedos_149164\/\">\n\t\t\t\t\t\t\t\t<img loading=\"lazy\" decoding=\"async\" width=\"1493\" height=\"1920\" src=\"https:\/\/www.babidibulibros.com\/wp-content\/uploads\/2023\/10\/edition-141590-scaled.jpg\" class=\"attachment-post-thumbnail size-post-thumbnail wp-post-image\" alt=\"\" srcset=\"https:\/\/www.babidibulibros.com\/wp-content\/uploads\/2023\/10\/edition-141590-scaled.jpg 1493w, https:\/\/www.babidibulibros.com\/wp-content\/uploads\/2023\/10\/edition-141590-233x300.jpg 233w, https:\/\/www.babidibulibros.com\/wp-content\/uploads\/2023\/10\/edition-141590-796x1024.jpg 796w, https:\/\/www.babidibulibros.com\/wp-content\/uploads\/2023\/10\/edition-141590-768x988.jpg 768w, https:\/\/www.babidibulibros.com\/wp-content\/uploads\/2023\/10\/edition-141590-1195x1536.jpg 1195w, https:\/\/www.babidibulibros.com\/wp-content\/uploads\/2023\/10\/edition-141590-1593x2048.jpg 1593w\" sizes=\"auto, (max-width: 1493px) 100vw, 1493px\" \/>\t\t\t\t\t\t\t<\/a>\n\t\t\t\t\t\t<\/div>\n\t\t\t\t\t\t<div class=\"block-books-body\">\n\t\t\t\t\t\t\t<h3>Juan con miedos<\/h3>\n\t\t\t\t\t\t\t<p>Alma Serra |Blanca Galv\u00e1n<\/p>\n\t\t\t\t\t\t<\/div>\n\t\t\t\t\t<\/div>\n\t\t\t\t<\/div>\n\t\t\t\n\t\t\t\t\t\t  \n\t\t\t\t<div class=\"col-lg-2 col-md-3 col-sm-4 col-6\">\n\t\t\t\t\t<div class=\"block-books-item\">\n\t\t\t\t\t\t<div class=\"block-books-img\">\n\t\t\t\t\t\t\t<a href=\"https:\/\/tienda.babidibulibros.com\/libro\/kibou_149165\/\">\n\t\t\t\t\t\t\t\t<img loading=\"lazy\" decoding=\"async\" width=\"1360\" height=\"1920\" src=\"https:\/\/www.babidibulibros.com\/wp-content\/uploads\/2023\/10\/edition-141588-scaled.jpg\" class=\"attachment-post-thumbnail size-post-thumbnail wp-post-image\" alt=\"\" srcset=\"https:\/\/www.babidibulibros.com\/wp-content\/uploads\/2023\/10\/edition-141588-scaled.jpg 1360w, https:\/\/www.babidibulibros.com\/wp-content\/uploads\/2023\/10\/edition-141588-212x300.jpg 212w, https:\/\/www.babidibulibros.com\/wp-content\/uploads\/2023\/10\/edition-141588-725x1024.jpg 725w, https:\/\/www.babidibulibros.com\/wp-content\/uploads\/2023\/10\/edition-141588-768x1084.jpg 768w, https:\/\/www.babidibulibros.com\/wp-content\/uploads\/2023\/10\/edition-141588-1088x1536.jpg 1088w, https:\/\/www.babidibulibros.com\/wp-content\/uploads\/2023\/10\/edition-141588-1451x2048.jpg 1451w\" sizes=\"auto, (max-width: 1360px) 100vw, 1360px\" \/>\t\t\t\t\t\t\t<\/a>\n\t\t\t\t\t\t<\/div>\n\t\t\t\t\t\t<div class=\"block-books-body\">\n\t\t\t\t\t\t\t<h3>Kibou<\/h3>\n\t\t\t\t\t\t\t<p>Almendra Vila |Claudia Ca\u00f1ada Echevarne<\/p>\n\t\t\t\t\t\t<\/div>\n\t\t\t\t\t<\/div>\n\t\t\t\t<\/div>\n\t\t\t\n\t\t\t\t\t\t  \n\t\t\t\t<div class=\"col-lg-2 col-md-3 col-sm-4 col-6\">\n\t\t\t\t\t<div class=\"block-books-item\">\n\t\t\t\t\t\t<div class=\"block-books-img\">\n\t\t\t\t\t\t\t<a href=\"https:\/\/tienda.babidibulibros.com\/libro\/la-oracion-de-sun-shi_149163\/\">\n\t\t\t\t\t\t\t\t<img loading=\"lazy\" decoding=\"async\" width=\"1360\" height=\"1920\" src=\"https:\/\/www.babidibulibros.com\/wp-content\/uploads\/2023\/10\/edition-141584-scaled.jpg\" class=\"attachment-post-thumbnail size-post-thumbnail wp-post-image\" alt=\"\" srcset=\"https:\/\/www.babidibulibros.com\/wp-content\/uploads\/2023\/10\/edition-141584-scaled.jpg 1360w, https:\/\/www.babidibulibros.com\/wp-content\/uploads\/2023\/10\/edition-141584-212x300.jpg 212w, https:\/\/www.babidibulibros.com\/wp-content\/uploads\/2023\/10\/edition-141584-725x1024.jpg 725w, https:\/\/www.babidibulibros.com\/wp-content\/uploads\/2023\/10\/edition-141584-768x1084.jpg 768w, https:\/\/www.babidibulibros.com\/wp-content\/uploads\/2023\/10\/edition-141584-1088x1536.jpg 1088w, https:\/\/www.babidibulibros.com\/wp-content\/uploads\/2023\/10\/edition-141584-1451x2048.jpg 1451w\" sizes=\"auto, (max-width: 1360px) 100vw, 1360px\" \/>\t\t\t\t\t\t\t<\/a>\n\t\t\t\t\t\t<\/div>\n\t\t\t\t\t\t<div class=\"block-books-body\">\n\t\t\t\t\t\t\t<h3>La oraci\u00f3n de Sn Sh<\/h3>\n\t\t\t\t\t\t\t<p>Miguel Berzal de Miguel |Teresa P\u00e9rez Bar\u00f3<\/p>\n\t\t\t\t\t\t<\/div>\n\t\t\t\t\t<\/div>\n\t\t\t\t<\/div>\n\t\t\t\n\t\t\t\t\t\t  \n\t\t\t\t<div class=\"col-lg-2 col-md-3 col-sm-4 col-6\">\n\t\t\t\t\t<div class=\"block-books-item\">\n\t\t\t\t\t\t<div class=\"block-books-img\">\n\t\t\t\t\t\t\t<a href=\"https:\/\/tienda.babidibulibros.com\/libro\/el-enredo-de-godofredo_149224\/\">\n\t\t\t\t\t\t\t\t<img loading=\"lazy\" decoding=\"async\" width=\"1360\" height=\"1920\" src=\"https:\/\/www.babidibulibros.com\/wp-content\/uploads\/2023\/10\/edition-141661-scaled.jpg\" class=\"attachment-post-thumbnail size-post-thumbnail wp-post-image\" alt=\"\" srcset=\"https:\/\/www.babidibulibros.com\/wp-content\/uploads\/2023\/10\/edition-141661-scaled.jpg 1360w, https:\/\/www.babidibulibros.com\/wp-content\/uploads\/2023\/10\/edition-141661-212x300.jpg 212w, https:\/\/www.babidibulibros.com\/wp-content\/uploads\/2023\/10\/edition-141661-725x1024.jpg 725w, https:\/\/www.babidibulibros.com\/wp-content\/uploads\/2023\/10\/edition-141661-768x1084.jpg 768w, https:\/\/www.babidibulibros.com\/wp-content\/uploads\/2023\/10\/edition-141661-1088x1536.jpg 1088w, https:\/\/www.babidibulibros.com\/wp-content\/uploads\/2023\/10\/edition-141661-1451x2048.jpg 1451w\" sizes=\"auto, (max-width: 1360px) 100vw, 1360px\" \/>\t\t\t\t\t\t\t<\/a>\n\t\t\t\t\t\t<\/div>\n\t\t\t\t\t\t<div class=\"block-books-body\">\n\t\t\t\t\t\t\t<h3>El enredo de Godofredo<\/h3>\n\t\t\t\t\t\t\t<p>Alberto Corral Fontecha |Luis L. Soto<\/p>\n\t\t\t\t\t\t<\/div>\n\t\t\t\t\t<\/div>\n\t\t\t\t<\/div>\n\t\t\t\n\t\t\t\t\t\t  \n\t\t\t\t<div class=\"col-lg-2 col-md-3 col-sm-4 col-6\">\n\t\t\t\t\t<div class=\"block-books-item\">\n\t\t\t\t\t\t<div class=\"block-books-img\">\n\t\t\t\t\t\t\t<a href=\"https:\/\/tienda.babidibulibros.com\/libro\/josefa_149231\/\">\n\t\t\t\t\t\t\t\t<img loading=\"lazy\" decoding=\"async\" width=\"1360\" height=\"1920\" src=\"https:\/\/www.babidibulibros.com\/wp-content\/uploads\/2023\/10\/edition-141648-scaled.jpg\" class=\"attachment-post-thumbnail size-post-thumbnail wp-post-image\" alt=\"\" srcset=\"https:\/\/www.babidibulibros.com\/wp-content\/uploads\/2023\/10\/edition-141648-scaled.jpg 1360w, https:\/\/www.babidibulibros.com\/wp-content\/uploads\/2023\/10\/edition-141648-212x300.jpg 212w, https:\/\/www.babidibulibros.com\/wp-content\/uploads\/2023\/10\/edition-141648-725x1024.jpg 725w, https:\/\/www.babidibulibros.com\/wp-content\/uploads\/2023\/10\/edition-141648-768x1084.jpg 768w, https:\/\/www.babidibulibros.com\/wp-content\/uploads\/2023\/10\/edition-141648-1088x1536.jpg 1088w, https:\/\/www.babidibulibros.com\/wp-content\/uploads\/2023\/10\/edition-141648-1451x2048.jpg 1451w\" sizes=\"auto, (max-width: 1360px) 100vw, 1360px\" \/>\t\t\t\t\t\t\t<\/a>\n\t\t\t\t\t\t<\/div>\n\t\t\t\t\t\t<div class=\"block-books-body\">\n\t\t\t\t\t\t\t<h3>Josefa<\/h3>\n\t\t\t\t\t\t\t<p>Ekaterina Omysheva<\/p>\n\t\t\t\t\t\t<\/div>\n\t\t\t\t\t<\/div>\n\t\t\t\t<\/div>\n\t\t\t\n\t\t\t\t\t\t  \n\t\t\t\t<div class=\"col-lg-2 col-md-3 col-sm-4 col-6\">\n\t\t\t\t\t<div class=\"block-books-item\">\n\t\t\t\t\t\t<div class=\"block-books-img\">\n\t\t\t\t\t\t\t<a href=\"https:\/\/tienda.babidibulibros.com\/libro\/mi-cabeza-es-una-lavadora_149230\/\">\n\t\t\t\t\t\t\t\t<img loading=\"lazy\" decoding=\"async\" width=\"1360\" height=\"1920\" src=\"https:\/\/www.babidibulibros.com\/wp-content\/uploads\/2023\/10\/edition-141650-scaled.jpg\" class=\"attachment-post-thumbnail size-post-thumbnail wp-post-image\" alt=\"\" srcset=\"https:\/\/www.babidibulibros.com\/wp-content\/uploads\/2023\/10\/edition-141650-scaled.jpg 1360w, https:\/\/www.babidibulibros.com\/wp-content\/uploads\/2023\/10\/edition-141650-212x300.jpg 212w, https:\/\/www.babidibulibros.com\/wp-content\/uploads\/2023\/10\/edition-141650-725x1024.jpg 725w, https:\/\/www.babidibulibros.com\/wp-content\/uploads\/2023\/10\/edition-141650-768x1084.jpg 768w, https:\/\/www.babidibulibros.com\/wp-content\/uploads\/2023\/10\/edition-141650-1088x1536.jpg 1088w, https:\/\/www.babidibulibros.com\/wp-content\/uploads\/2023\/10\/edition-141650-1451x2048.jpg 1451w\" sizes=\"auto, (max-width: 1360px) 100vw, 1360px\" \/>\t\t\t\t\t\t\t<\/a>\n\t\t\t\t\t\t<\/div>\n\t\t\t\t\t\t<div class=\"block-books-body\">\n\t\t\t\t\t\t\t<h3>Mi cabeza es una lavadora<\/h3>\n\t\t\t\t\t\t\t<p>Vitu \u00abV\u00edctor Ra\u00fal Pintado Rey\u00bb |Ni\u00f1a Rata<\/p>\n\t\t\t\t\t\t<\/div>\n\t\t\t\t\t<\/div>\n\t\t\t\t<\/div>\n\t\t\t\n\t\t\t\t\t\t  \n\t\t\t\t<div class=\"col-lg-2 col-md-3 col-sm-4 col-6\">\n\t\t\t\t\t<div class=\"block-books-item\">\n\t\t\t\t\t\t<div class=\"block-books-img\">\n\t\t\t\t\t\t\t<a href=\"https:\/\/tienda.babidibulibros.com\/libro\/la-mio-cabeza-ye-una-llavadora_149228\/\">\n\t\t\t\t\t\t\t\t<img loading=\"lazy\" decoding=\"async\" width=\"1360\" height=\"1920\" src=\"https:\/\/www.babidibulibros.com\/wp-content\/uploads\/2023\/10\/edition-141645-scaled.jpg\" class=\"attachment-post-thumbnail size-post-thumbnail wp-post-image\" alt=\"\" srcset=\"https:\/\/www.babidibulibros.com\/wp-content\/uploads\/2023\/10\/edition-141645-scaled.jpg 1360w, https:\/\/www.babidibulibros.com\/wp-content\/uploads\/2023\/10\/edition-141645-212x300.jpg 212w, https:\/\/www.babidibulibros.com\/wp-content\/uploads\/2023\/10\/edition-141645-725x1024.jpg 725w, https:\/\/www.babidibulibros.com\/wp-content\/uploads\/2023\/10\/edition-141645-768x1084.jpg 768w, https:\/\/www.babidibulibros.com\/wp-content\/uploads\/2023\/10\/edition-141645-1088x1536.jpg 1088w, https:\/\/www.babidibulibros.com\/wp-content\/uploads\/2023\/10\/edition-141645-1451x2048.jpg 1451w\" sizes=\"auto, (max-width: 1360px) 100vw, 1360px\" \/>\t\t\t\t\t\t\t<\/a>\n\t\t\t\t\t\t<\/div>\n\t\t\t\t\t\t<div class=\"block-books-body\">\n\t\t\t\t\t\t\t<h3>La mio cabeza ye una llavadora<\/h3>\n\t\t\t\t\t\t\t<p>Vitu \u00abV\u00edctor Ra\u00fal Pintado Rey\u00bb |Ni\u00f1a Rata<\/p>\n\t\t\t\t\t\t<\/div>\n\t\t\t\t\t<\/div>\n\t\t\t\t<\/div>\n\t\t\t\n\t\t\t\t\t\t  \n\t\t\t\t<div class=\"col-lg-2 col-md-3 col-sm-4 col-6\">\n\t\t\t\t\t<div class=\"block-books-item\">\n\t\t\t\t\t\t<div class=\"block-books-img\">\n\t\t\t\t\t\t\t<a href=\"https:\/\/tienda.babidibulibros.com\/libro\/la-gota-que-colmo_149236\/\">\n\t\t\t\t\t\t\t\t<img loading=\"lazy\" decoding=\"async\" width=\"1360\" height=\"1920\" src=\"https:\/\/www.babidibulibros.com\/wp-content\/uploads\/2023\/10\/edition-141653-scaled.jpg\" class=\"attachment-post-thumbnail size-post-thumbnail wp-post-image\" alt=\"\" srcset=\"https:\/\/www.babidibulibros.com\/wp-content\/uploads\/2023\/10\/edition-141653-scaled.jpg 1360w, https:\/\/www.babidibulibros.com\/wp-content\/uploads\/2023\/10\/edition-141653-212x300.jpg 212w, https:\/\/www.babidibulibros.com\/wp-content\/uploads\/2023\/10\/edition-141653-725x1024.jpg 725w, https:\/\/www.babidibulibros.com\/wp-content\/uploads\/2023\/10\/edition-141653-768x1084.jpg 768w, https:\/\/www.babidibulibros.com\/wp-content\/uploads\/2023\/10\/edition-141653-1088x1536.jpg 1088w, https:\/\/www.babidibulibros.com\/wp-content\/uploads\/2023\/10\/edition-141653-1451x2048.jpg 1451w\" sizes=\"auto, (max-width: 1360px) 100vw, 1360px\" \/>\t\t\t\t\t\t\t<\/a>\n\t\t\t\t\t\t<\/div>\n\t\t\t\t\t\t<div class=\"block-books-body\">\n\t\t\t\t\t\t\t<h3>La gota que colm\u00f3<\/h3>\n\t\t\t\t\t\t\t<p>Blanca Garc\u00eda Ceballos<\/p>\n\t\t\t\t\t\t<\/div>\n\t\t\t\t\t<\/div>\n\t\t\t\t<\/div>\n\t\t\t\n\t\t\t\t\t\t  \n\t\t\t\t<div class=\"col-lg-2 col-md-3 col-sm-4 col-6\">\n\t\t\t\t\t<div class=\"block-books-item\">\n\t\t\t\t\t\t<div class=\"block-books-img\">\n\t\t\t\t\t\t\t<a href=\"https:\/\/tienda.babidibulibros.com\/libro\/la-casa-detras-del-arcoiris_149232\/\">\n\t\t\t\t\t\t\t\t<img loading=\"lazy\" decoding=\"async\" width=\"1360\" height=\"1920\" src=\"https:\/\/www.babidibulibros.com\/wp-content\/uploads\/2023\/10\/edition-141651-scaled.jpg\" class=\"attachment-post-thumbnail size-post-thumbnail wp-post-image\" alt=\"\" srcset=\"https:\/\/www.babidibulibros.com\/wp-content\/uploads\/2023\/10\/edition-141651-scaled.jpg 1360w, https:\/\/www.babidibulibros.com\/wp-content\/uploads\/2023\/10\/edition-141651-212x300.jpg 212w, https:\/\/www.babidibulibros.com\/wp-content\/uploads\/2023\/10\/edition-141651-725x1024.jpg 725w, https:\/\/www.babidibulibros.com\/wp-content\/uploads\/2023\/10\/edition-141651-768x1084.jpg 768w, https:\/\/www.babidibulibros.com\/wp-content\/uploads\/2023\/10\/edition-141651-1088x1536.jpg 1088w, https:\/\/www.babidibulibros.com\/wp-content\/uploads\/2023\/10\/edition-141651-1451x2048.jpg 1451w\" sizes=\"auto, (max-width: 1360px) 100vw, 1360px\" \/>\t\t\t\t\t\t\t<\/a>\n\t\t\t\t\t\t<\/div>\n\t\t\t\t\t\t<div class=\"block-books-body\">\n\t\t\t\t\t\t\t<h3>La casa detr\u00e1s del arco\u00edris<\/h3>\n\t\t\t\t\t\t\t<p>Silvia Garc\u00eda Ruiz de Angulo |Marina Novoa P\u00e9rez<\/p>\n\t\t\t\t\t\t<\/div>\n\t\t\t\t\t<\/div>\n\t\t\t\t<\/div>\n\t\t\t\n\t\t\t\t\t\t  \n\t\t\t\t<div class=\"col-lg-2 col-md-3 col-sm-4 col-6\">\n\t\t\t\t\t<div class=\"block-books-item\">\n\t\t\t\t\t\t<div class=\"block-books-img\">\n\t\t\t\t\t\t\t<a href=\"https:\/\/tienda.babidibulibros.com\/libro\/nenino_149295\/\">\n\t\t\t\t\t\t\t\t<img loading=\"lazy\" decoding=\"async\" width=\"1360\" height=\"1920\" src=\"https:\/\/www.babidibulibros.com\/wp-content\/uploads\/2023\/10\/edition-141726-scaled.jpg\" class=\"attachment-post-thumbnail size-post-thumbnail wp-post-image\" alt=\"\" srcset=\"https:\/\/www.babidibulibros.com\/wp-content\/uploads\/2023\/10\/edition-141726-scaled.jpg 1360w, https:\/\/www.babidibulibros.com\/wp-content\/uploads\/2023\/10\/edition-141726-212x300.jpg 212w, https:\/\/www.babidibulibros.com\/wp-content\/uploads\/2023\/10\/edition-141726-725x1024.jpg 725w, https:\/\/www.babidibulibros.com\/wp-content\/uploads\/2023\/10\/edition-141726-768x1084.jpg 768w, https:\/\/www.babidibulibros.com\/wp-content\/uploads\/2023\/10\/edition-141726-1088x1536.jpg 1088w, https:\/\/www.babidibulibros.com\/wp-content\/uploads\/2023\/10\/edition-141726-1451x2048.jpg 1451w\" sizes=\"auto, (max-width: 1360px) 100vw, 1360px\" \/>\t\t\t\t\t\t\t<\/a>\n\t\t\t\t\t\t<\/div>\n\t\t\t\t\t\t<div class=\"block-books-body\">\n\t\t\t\t\t\t\t<h3>Nenino<\/h3>\n\t\t\t\t\t\t\t<p>Nadia Mar\u00eda Ferr\u00e1n Ib\u00e1\u00f1ez<\/p>\n\t\t\t\t\t\t<\/div>\n\t\t\t\t\t<\/div>\n\t\t\t\t<\/div>\n\t\t\t\n\t\t\t\t\t\t  \n\t\t\t\t<div class=\"col-lg-2 col-md-3 col-sm-4 col-6\">\n\t\t\t\t\t<div class=\"block-books-item\">\n\t\t\t\t\t\t<div class=\"block-books-img\">\n\t\t\t\t\t\t\t<a href=\"https:\/\/tienda.babidibulibros.com\/libro\/jan-espaguetis_149242\/\">\n\t\t\t\t\t\t\t\t<img loading=\"lazy\" decoding=\"async\" width=\"1360\" height=\"1920\" src=\"https:\/\/www.babidibulibros.com\/wp-content\/uploads\/2023\/10\/edition-141667-scaled.jpg\" class=\"attachment-post-thumbnail size-post-thumbnail wp-post-image\" alt=\"\" srcset=\"https:\/\/www.babidibulibros.com\/wp-content\/uploads\/2023\/10\/edition-141667-scaled.jpg 1360w, https:\/\/www.babidibulibros.com\/wp-content\/uploads\/2023\/10\/edition-141667-212x300.jpg 212w, https:\/\/www.babidibulibros.com\/wp-content\/uploads\/2023\/10\/edition-141667-725x1024.jpg 725w, https:\/\/www.babidibulibros.com\/wp-content\/uploads\/2023\/10\/edition-141667-768x1084.jpg 768w, https:\/\/www.babidibulibros.com\/wp-content\/uploads\/2023\/10\/edition-141667-1088x1536.jpg 1088w, https:\/\/www.babidibulibros.com\/wp-content\/uploads\/2023\/10\/edition-141667-1451x2048.jpg 1451w\" sizes=\"auto, (max-width: 1360px) 100vw, 1360px\" \/>\t\t\t\t\t\t\t<\/a>\n\t\t\t\t\t\t<\/div>\n\t\t\t\t\t\t<div class=\"block-books-body\">\n\t\t\t\t\t\t\t<h3>Jan Espaguetis<\/h3>\n\t\t\t\t\t\t\t<p>Juan Cuenca M\u00e1rquez |Arig Haman Ba\u00f1uelos<\/p>\n\t\t\t\t\t\t<\/div>\n\t\t\t\t\t<\/div>\n\t\t\t\t<\/div>\n\t\t\t\n\t\t\t\t\t\t  \n\t\t\t\t<div class=\"col-lg-2 col-md-3 col-sm-4 col-6\">\n\t\t\t\t\t<div class=\"block-books-item\">\n\t\t\t\t\t\t<div class=\"block-books-img\">\n\t\t\t\t\t\t\t<a href=\"https:\/\/tienda.babidibulibros.com\/libro\/la-hormiga-verde_149241\/\">\n\t\t\t\t\t\t\t\t<img loading=\"lazy\" decoding=\"async\" width=\"1360\" height=\"1920\" src=\"https:\/\/www.babidibulibros.com\/wp-content\/uploads\/2023\/10\/edition-141666-scaled.jpg\" class=\"attachment-post-thumbnail size-post-thumbnail wp-post-image\" alt=\"\" srcset=\"https:\/\/www.babidibulibros.com\/wp-content\/uploads\/2023\/10\/edition-141666-scaled.jpg 1360w, https:\/\/www.babidibulibros.com\/wp-content\/uploads\/2023\/10\/edition-141666-212x300.jpg 212w, https:\/\/www.babidibulibros.com\/wp-content\/uploads\/2023\/10\/edition-141666-725x1024.jpg 725w, https:\/\/www.babidibulibros.com\/wp-content\/uploads\/2023\/10\/edition-141666-768x1084.jpg 768w, https:\/\/www.babidibulibros.com\/wp-content\/uploads\/2023\/10\/edition-141666-1088x1536.jpg 1088w, https:\/\/www.babidibulibros.com\/wp-content\/uploads\/2023\/10\/edition-141666-1451x2048.jpg 1451w\" sizes=\"auto, (max-width: 1360px) 100vw, 1360px\" \/>\t\t\t\t\t\t\t<\/a>\n\t\t\t\t\t\t<\/div>\n\t\t\t\t\t\t<div class=\"block-books-body\">\n\t\t\t\t\t\t\t<h3>La hormiga verde<\/h3>\n\t\t\t\t\t\t\t<p>Ascensi\u00f3n D\u00edaz<\/p>\n\t\t\t\t\t\t<\/div>\n\t\t\t\t\t<\/div>\n\t\t\t\t<\/div>\n\t\t\t\n\t\t\t\t\t\t  \n\t\t\t\t<div class=\"col-lg-2 col-md-3 col-sm-4 col-6\">\n\t\t\t\t\t<div class=\"block-books-item\">\n\t\t\t\t\t\t<div class=\"block-books-img\">\n\t\t\t\t\t\t\t<a href=\"https:\/\/tienda.babidibulibros.com\/libro\/un-nuevo-sol_149221\/\">\n\t\t\t\t\t\t\t\t<img loading=\"lazy\" decoding=\"async\" width=\"1360\" height=\"1920\" src=\"https:\/\/www.babidibulibros.com\/wp-content\/uploads\/2023\/10\/edition-141647-scaled.jpg\" class=\"attachment-post-thumbnail size-post-thumbnail wp-post-image\" alt=\"\" srcset=\"https:\/\/www.babidibulibros.com\/wp-content\/uploads\/2023\/10\/edition-141647-scaled.jpg 1360w, https:\/\/www.babidibulibros.com\/wp-content\/uploads\/2023\/10\/edition-141647-212x300.jpg 212w, https:\/\/www.babidibulibros.com\/wp-content\/uploads\/2023\/10\/edition-141647-725x1024.jpg 725w, https:\/\/www.babidibulibros.com\/wp-content\/uploads\/2023\/10\/edition-141647-768x1084.jpg 768w, https:\/\/www.babidibulibros.com\/wp-content\/uploads\/2023\/10\/edition-141647-1088x1536.jpg 1088w, https:\/\/www.babidibulibros.com\/wp-content\/uploads\/2023\/10\/edition-141647-1451x2048.jpg 1451w\" sizes=\"auto, (max-width: 1360px) 100vw, 1360px\" \/>\t\t\t\t\t\t\t<\/a>\n\t\t\t\t\t\t<\/div>\n\t\t\t\t\t\t<div class=\"block-books-body\">\n\t\t\t\t\t\t\t<h3>Un nuevo sol<\/h3>\n\t\t\t\t\t\t\t<p>Ana Carrascal |Anamoomin<\/p>\n\t\t\t\t\t\t<\/div>\n\t\t\t\t\t<\/div>\n\t\t\t\t<\/div>\n\t\t\t\n\t\t\t\t\t\t  \n\t\t\t\t<div class=\"col-lg-2 col-md-3 col-sm-4 col-6\">\n\t\t\t\t\t<div class=\"block-books-item\">\n\t\t\t\t\t\t<div class=\"block-books-img\">\n\t\t\t\t\t\t\t<a href=\"https:\/\/tienda.babidibulibros.com\/libro\/las-aventuras-de-kasaco_149219\/\">\n\t\t\t\t\t\t\t\t<img loading=\"lazy\" decoding=\"async\" width=\"1360\" height=\"1920\" src=\"https:\/\/www.babidibulibros.com\/wp-content\/uploads\/2023\/10\/edition-141660-scaled.jpg\" class=\"attachment-post-thumbnail size-post-thumbnail wp-post-image\" alt=\"\" srcset=\"https:\/\/www.babidibulibros.com\/wp-content\/uploads\/2023\/10\/edition-141660-scaled.jpg 1360w, https:\/\/www.babidibulibros.com\/wp-content\/uploads\/2023\/10\/edition-141660-212x300.jpg 212w, https:\/\/www.babidibulibros.com\/wp-content\/uploads\/2023\/10\/edition-141660-725x1024.jpg 725w, https:\/\/www.babidibulibros.com\/wp-content\/uploads\/2023\/10\/edition-141660-768x1084.jpg 768w, https:\/\/www.babidibulibros.com\/wp-content\/uploads\/2023\/10\/edition-141660-1088x1536.jpg 1088w, https:\/\/www.babidibulibros.com\/wp-content\/uploads\/2023\/10\/edition-141660-1451x2048.jpg 1451w\" sizes=\"auto, (max-width: 1360px) 100vw, 1360px\" \/>\t\t\t\t\t\t\t<\/a>\n\t\t\t\t\t\t<\/div>\n\t\t\t\t\t\t<div class=\"block-books-body\">\n\t\t\t\t\t\t\t<h3>Las aventuras de Kasaco<\/h3>\n\t\t\t\t\t\t\t<p>Isabel Pel\u00e1ez Herv\u00e1s |Alicia Perd\u00fa<\/p>\n\t\t\t\t\t\t<\/div>\n\t\t\t\t\t<\/div>\n\t\t\t\t<\/div>\n\t\t\t\n\t\t\t\t\t\t  \n\t\t\t\t<div class=\"col-lg-2 col-md-3 col-sm-4 col-6\">\n\t\t\t\t\t<div class=\"block-books-item\">\n\t\t\t\t\t\t<div class=\"block-books-img\">\n\t\t\t\t\t\t\t<a href=\"https:\/\/tienda.babidibulibros.com\/libro\/la-aldea-del-huerto-encantado_149237\/\">\n\t\t\t\t\t\t\t\t<img loading=\"lazy\" decoding=\"async\" width=\"1360\" height=\"1920\" src=\"https:\/\/www.babidibulibros.com\/wp-content\/uploads\/2023\/10\/edition-141655-scaled.jpg\" class=\"attachment-post-thumbnail size-post-thumbnail wp-post-image\" alt=\"\" srcset=\"https:\/\/www.babidibulibros.com\/wp-content\/uploads\/2023\/10\/edition-141655-scaled.jpg 1360w, https:\/\/www.babidibulibros.com\/wp-content\/uploads\/2023\/10\/edition-141655-212x300.jpg 212w, https:\/\/www.babidibulibros.com\/wp-content\/uploads\/2023\/10\/edition-141655-725x1024.jpg 725w, https:\/\/www.babidibulibros.com\/wp-content\/uploads\/2023\/10\/edition-141655-768x1084.jpg 768w, https:\/\/www.babidibulibros.com\/wp-content\/uploads\/2023\/10\/edition-141655-1088x1536.jpg 1088w, https:\/\/www.babidibulibros.com\/wp-content\/uploads\/2023\/10\/edition-141655-1451x2048.jpg 1451w\" sizes=\"auto, (max-width: 1360px) 100vw, 1360px\" \/>\t\t\t\t\t\t\t<\/a>\n\t\t\t\t\t\t<\/div>\n\t\t\t\t\t\t<div class=\"block-books-body\">\n\t\t\t\t\t\t\t<h3>La aldea del huerto encantado<\/h3>\n\t\t\t\t\t\t\t<p>Azucena Oliva Fern\u00e1ndez |Beatriz Jalvo<\/p>\n\t\t\t\t\t\t<\/div>\n\t\t\t\t\t<\/div>\n\t\t\t\t<\/div>\n\t\t\t\n\t\t\t\t\t\t  \n\t\t\t\t<div class=\"col-lg-2 col-md-3 col-sm-4 col-6\">\n\t\t\t\t\t<div class=\"block-books-item\">\n\t\t\t\t\t\t<div class=\"block-books-img\">\n\t\t\t\t\t\t\t<a href=\"https:\/\/tienda.babidibulibros.com\/libro\/como-bella-se-convirtio-en-la-ratoncita-mas-feliz_149229\/\">\n\t\t\t\t\t\t\t\t<img loading=\"lazy\" decoding=\"async\" width=\"1360\" height=\"1920\" src=\"https:\/\/www.babidibulibros.com\/wp-content\/uploads\/2023\/10\/edition-141646-scaled.jpg\" class=\"attachment-post-thumbnail size-post-thumbnail wp-post-image\" alt=\"\" srcset=\"https:\/\/www.babidibulibros.com\/wp-content\/uploads\/2023\/10\/edition-141646-scaled.jpg 1360w, https:\/\/www.babidibulibros.com\/wp-content\/uploads\/2023\/10\/edition-141646-212x300.jpg 212w, https:\/\/www.babidibulibros.com\/wp-content\/uploads\/2023\/10\/edition-141646-725x1024.jpg 725w, https:\/\/www.babidibulibros.com\/wp-content\/uploads\/2023\/10\/edition-141646-768x1084.jpg 768w, https:\/\/www.babidibulibros.com\/wp-content\/uploads\/2023\/10\/edition-141646-1088x1536.jpg 1088w, https:\/\/www.babidibulibros.com\/wp-content\/uploads\/2023\/10\/edition-141646-1451x2048.jpg 1451w\" sizes=\"auto, (max-width: 1360px) 100vw, 1360px\" \/>\t\t\t\t\t\t\t<\/a>\n\t\t\t\t\t\t<\/div>\n\t\t\t\t\t\t<div class=\"block-books-body\">\n\t\t\t\t\t\t\t<h3>C\u00f3mo Bella se convirti\u00f3 en la ratoncita m\u00e1s feliz<\/h3>\n\t\t\t\t\t\t\t<p>Mar\u00eda Palacio |Carlos Aguilar<\/p>\n\t\t\t\t\t\t<\/div>\n\t\t\t\t\t<\/div>\n\t\t\t\t<\/div>\n\t\t\t\n\t\t\t\t\t\t  \n\t\t\t\t<div class=\"col-lg-2 col-md-3 col-sm-4 col-6\">\n\t\t\t\t\t<div class=\"block-books-item\">\n\t\t\t\t\t\t<div class=\"block-books-img\">\n\t\t\t\t\t\t\t<a href=\"https:\/\/tienda.babidibulibros.com\/libro\/how-bella-became-the-happiest-mouse_149223\/\">\n\t\t\t\t\t\t\t\t<img loading=\"lazy\" decoding=\"async\" width=\"1360\" height=\"1920\" src=\"https:\/\/www.babidibulibros.com\/wp-content\/uploads\/2023\/10\/edition-141649-scaled.jpg\" class=\"attachment-post-thumbnail size-post-thumbnail wp-post-image\" alt=\"\" srcset=\"https:\/\/www.babidibulibros.com\/wp-content\/uploads\/2023\/10\/edition-141649-scaled.jpg 1360w, https:\/\/www.babidibulibros.com\/wp-content\/uploads\/2023\/10\/edition-141649-212x300.jpg 212w, https:\/\/www.babidibulibros.com\/wp-content\/uploads\/2023\/10\/edition-141649-725x1024.jpg 725w, https:\/\/www.babidibulibros.com\/wp-content\/uploads\/2023\/10\/edition-141649-768x1084.jpg 768w, https:\/\/www.babidibulibros.com\/wp-content\/uploads\/2023\/10\/edition-141649-1088x1536.jpg 1088w, https:\/\/www.babidibulibros.com\/wp-content\/uploads\/2023\/10\/edition-141649-1451x2048.jpg 1451w\" sizes=\"auto, (max-width: 1360px) 100vw, 1360px\" \/>\t\t\t\t\t\t\t<\/a>\n\t\t\t\t\t\t<\/div>\n\t\t\t\t\t\t<div class=\"block-books-body\">\n\t\t\t\t\t\t\t<h3>How Bella became the happiest mouse<\/h3>\n\t\t\t\t\t\t\t<p>Mar\u00eda Palacio |Carlos Aguilar<\/p>\n\t\t\t\t\t\t<\/div>\n\t\t\t\t\t<\/div>\n\t\t\t\t<\/div>\n\t\t\t\n\t\t\t\t\t\t  \n\t\t\t\t<div class=\"col-lg-2 col-md-3 col-sm-4 col-6\">\n\t\t\t\t\t<div class=\"block-books-item\">\n\t\t\t\t\t\t<div class=\"block-books-img\">\n\t\t\t\t\t\t\t<a href=\"https:\/\/tienda.babidibulibros.com\/libro\/historia-de-un-globo_149227\/\">\n\t\t\t\t\t\t\t\t<img loading=\"lazy\" decoding=\"async\" width=\"1357\" height=\"1920\" src=\"https:\/\/www.babidibulibros.com\/wp-content\/uploads\/2023\/10\/edition-141659-scaled.jpg\" class=\"attachment-post-thumbnail size-post-thumbnail wp-post-image\" alt=\"\" srcset=\"https:\/\/www.babidibulibros.com\/wp-content\/uploads\/2023\/10\/edition-141659-scaled.jpg 1357w, https:\/\/www.babidibulibros.com\/wp-content\/uploads\/2023\/10\/edition-141659-212x300.jpg 212w, https:\/\/www.babidibulibros.com\/wp-content\/uploads\/2023\/10\/edition-141659-723x1024.jpg 723w, https:\/\/www.babidibulibros.com\/wp-content\/uploads\/2023\/10\/edition-141659-768x1087.jpg 768w, https:\/\/www.babidibulibros.com\/wp-content\/uploads\/2023\/10\/edition-141659-1085x1536.jpg 1085w, https:\/\/www.babidibulibros.com\/wp-content\/uploads\/2023\/10\/edition-141659-1447x2048.jpg 1447w\" sizes=\"auto, (max-width: 1357px) 100vw, 1357px\" \/>\t\t\t\t\t\t\t<\/a>\n\t\t\t\t\t\t<\/div>\n\t\t\t\t\t\t<div class=\"block-books-body\">\n\t\t\t\t\t\t\t<h3>Historia de un globo<\/h3>\n\t\t\t\t\t\t\t<p>Viorica Covalschi |Anna Fila<\/p>\n\t\t\t\t\t\t<\/div>\n\t\t\t\t\t<\/div>\n\t\t\t\t<\/div>\n\t\t\t\n\t\t\t\t\t\t  \n\t\t\t\t<div class=\"col-lg-2 col-md-3 col-sm-4 col-6\">\n\t\t\t\t\t<div class=\"block-books-item\">\n\t\t\t\t\t\t<div class=\"block-books-img\">\n\t\t\t\t\t\t\t<a href=\"https:\/\/tienda.babidibulibros.com\/libro\/the-story-of-a-globe_149226\/\">\n\t\t\t\t\t\t\t\t<img loading=\"lazy\" decoding=\"async\" width=\"1348\" height=\"1920\" src=\"https:\/\/www.babidibulibros.com\/wp-content\/uploads\/2023\/10\/edition-141658-scaled.jpg\" class=\"attachment-post-thumbnail size-post-thumbnail wp-post-image\" alt=\"\" srcset=\"https:\/\/www.babidibulibros.com\/wp-content\/uploads\/2023\/10\/edition-141658-scaled.jpg 1348w, https:\/\/www.babidibulibros.com\/wp-content\/uploads\/2023\/10\/edition-141658-211x300.jpg 211w, https:\/\/www.babidibulibros.com\/wp-content\/uploads\/2023\/10\/edition-141658-719x1024.jpg 719w, https:\/\/www.babidibulibros.com\/wp-content\/uploads\/2023\/10\/edition-141658-768x1094.jpg 768w, https:\/\/www.babidibulibros.com\/wp-content\/uploads\/2023\/10\/edition-141658-1078x1536.jpg 1078w, https:\/\/www.babidibulibros.com\/wp-content\/uploads\/2023\/10\/edition-141658-1438x2048.jpg 1438w\" sizes=\"auto, (max-width: 1348px) 100vw, 1348px\" \/>\t\t\t\t\t\t\t<\/a>\n\t\t\t\t\t\t<\/div>\n\t\t\t\t\t\t<div class=\"block-books-body\">\n\t\t\t\t\t\t\t<h3>The story of a globe<\/h3>\n\t\t\t\t\t\t\t<p>Viorica Covalschi |Anna Fila<\/p>\n\t\t\t\t\t\t<\/div>\n\t\t\t\t\t<\/div>\n\t\t\t\t<\/div>\n\t\t\t\n\t\t\t\t\t\t  \n\t\t\t\t<div class=\"col-lg-2 col-md-3 col-sm-4 col-6\">\n\t\t\t\t\t<div class=\"block-books-item\">\n\t\t\t\t\t\t<div class=\"block-books-img\">\n\t\t\t\t\t\t\t<a href=\"https:\/\/tienda.babidibulibros.com\/libro\/si-la-amas_149233\/\">\n\t\t\t\t\t\t\t\t<img loading=\"lazy\" decoding=\"async\" width=\"1360\" height=\"1920\" src=\"https:\/\/www.babidibulibros.com\/wp-content\/uploads\/2023\/10\/edition-141657-scaled.jpg\" class=\"attachment-post-thumbnail size-post-thumbnail wp-post-image\" alt=\"\" srcset=\"https:\/\/www.babidibulibros.com\/wp-content\/uploads\/2023\/10\/edition-141657-scaled.jpg 1360w, https:\/\/www.babidibulibros.com\/wp-content\/uploads\/2023\/10\/edition-141657-212x300.jpg 212w, https:\/\/www.babidibulibros.com\/wp-content\/uploads\/2023\/10\/edition-141657-725x1024.jpg 725w, https:\/\/www.babidibulibros.com\/wp-content\/uploads\/2023\/10\/edition-141657-768x1084.jpg 768w, https:\/\/www.babidibulibros.com\/wp-content\/uploads\/2023\/10\/edition-141657-1088x1536.jpg 1088w, https:\/\/www.babidibulibros.com\/wp-content\/uploads\/2023\/10\/edition-141657-1451x2048.jpg 1451w\" sizes=\"auto, (max-width: 1360px) 100vw, 1360px\" \/>\t\t\t\t\t\t\t<\/a>\n\t\t\t\t\t\t<\/div>\n\t\t\t\t\t\t<div class=\"block-books-body\">\n\t\t\t\t\t\t\t<h3>Si la amas&#8230;<\/h3>\n\t\t\t\t\t\t\t<p>Marion Gazeau |Edurne Cacho<\/p>\n\t\t\t\t\t\t<\/div>\n\t\t\t\t\t<\/div>\n\t\t\t\t<\/div>\n\t\t\t\n\t\t\t\t\t\t  \n\t\t\t\t<div class=\"col-lg-2 col-md-3 col-sm-4 col-6\">\n\t\t\t\t\t<div class=\"block-books-item\">\n\t\t\t\t\t\t<div class=\"block-books-img\">\n\t\t\t\t\t\t\t<a href=\"https:\/\/tienda.babidibulibros.com\/libro\/ratolin-y-ratolina_149166\/\">\n\t\t\t\t\t\t\t\t<img loading=\"lazy\" decoding=\"async\" width=\"1360\" height=\"1920\" src=\"https:\/\/www.babidibulibros.com\/wp-content\/uploads\/2023\/10\/edition-141585-scaled.jpg\" class=\"attachment-post-thumbnail size-post-thumbnail wp-post-image\" alt=\"\" srcset=\"https:\/\/www.babidibulibros.com\/wp-content\/uploads\/2023\/10\/edition-141585-scaled.jpg 1360w, https:\/\/www.babidibulibros.com\/wp-content\/uploads\/2023\/10\/edition-141585-212x300.jpg 212w, https:\/\/www.babidibulibros.com\/wp-content\/uploads\/2023\/10\/edition-141585-725x1024.jpg 725w, https:\/\/www.babidibulibros.com\/wp-content\/uploads\/2023\/10\/edition-141585-768x1084.jpg 768w, https:\/\/www.babidibulibros.com\/wp-content\/uploads\/2023\/10\/edition-141585-1088x1536.jpg 1088w, https:\/\/www.babidibulibros.com\/wp-content\/uploads\/2023\/10\/edition-141585-1451x2048.jpg 1451w\" sizes=\"auto, (max-width: 1360px) 100vw, 1360px\" \/>\t\t\t\t\t\t\t<\/a>\n\t\t\t\t\t\t<\/div>\n\t\t\t\t\t\t<div class=\"block-books-body\">\n\t\t\t\t\t\t\t<h3>Ratol\u00edn y Ratolina<\/h3>\n\t\t\t\t\t\t\t<p>Mar Hontangas<\/p>\n\t\t\t\t\t\t<\/div>\n\t\t\t\t\t<\/div>\n\t\t\t\t<\/div>\n\t\t\t\n\t\t\t\t\t\t  \n\t\t\t\t<div class=\"col-lg-2 col-md-3 col-sm-4 col-6\">\n\t\t\t\t\t<div class=\"block-books-item\">\n\t\t\t\t\t\t<div class=\"block-books-img\">\n\t\t\t\t\t\t\t<a href=\"https:\/\/tienda.babidibulibros.com\/libro\/la-princesa-andesita-y-el-mundo-gea_149168\/\">\n\t\t\t\t\t\t\t\t<img loading=\"lazy\" decoding=\"async\" width=\"600\" height=\"863\" src=\"https:\/\/www.babidibulibros.com\/wp-content\/uploads\/2023\/10\/edition-141586.jpg\" class=\"attachment-post-thumbnail size-post-thumbnail wp-post-image\" alt=\"\" srcset=\"https:\/\/www.babidibulibros.com\/wp-content\/uploads\/2023\/10\/edition-141586.jpg 600w, https:\/\/www.babidibulibros.com\/wp-content\/uploads\/2023\/10\/edition-141586-209x300.jpg 209w\" sizes=\"auto, (max-width: 600px) 100vw, 600px\" \/>\t\t\t\t\t\t\t<\/a>\n\t\t\t\t\t\t<\/div>\n\t\t\t\t\t\t<div class=\"block-books-body\">\n\t\t\t\t\t\t\t<h3>La princesa Andesita y el mundo Gea<\/h3>\n\t\t\t\t\t\t\t<p>Isabel M\u00aa C\u00e1mara Serrano<\/p>\n\t\t\t\t\t\t<\/div>\n\t\t\t\t\t<\/div>\n\t\t\t\t<\/div>\n\t\t\t\n\t\t\t\t\t\t  \n\t\t\t\t<div class=\"col-lg-2 col-md-3 col-sm-4 col-6\">\n\t\t\t\t\t<div class=\"block-books-item\">\n\t\t\t\t\t\t<div class=\"block-books-img\">\n\t\t\t\t\t\t\t<a href=\"https:\/\/tienda.babidibulibros.com\/libro\/un-regalo-por-descubrir_149162\/\">\n\t\t\t\t\t\t\t\t<img loading=\"lazy\" decoding=\"async\" width=\"529\" height=\"756\" src=\"https:\/\/www.babidibulibros.com\/wp-content\/uploads\/2023\/10\/edition-141589.jpg\" class=\"attachment-post-thumbnail size-post-thumbnail wp-post-image\" alt=\"\" srcset=\"https:\/\/www.babidibulibros.com\/wp-content\/uploads\/2023\/10\/edition-141589.jpg 529w, https:\/\/www.babidibulibros.com\/wp-content\/uploads\/2023\/10\/edition-141589-210x300.jpg 210w\" sizes=\"auto, (max-width: 529px) 100vw, 529px\" \/>\t\t\t\t\t\t\t<\/a>\n\t\t\t\t\t\t<\/div>\n\t\t\t\t\t\t<div class=\"block-books-body\">\n\t\t\t\t\t\t\t<h3>Un regalo por descubrir<\/h3>\n\t\t\t\t\t\t\t<p>Paula Benito \u00c1lvarez |Mita Pola<\/p>\n\t\t\t\t\t\t<\/div>\n\t\t\t\t\t<\/div>\n\t\t\t\t<\/div>\n\t\t\t\n\t\t\t\t\t\t  \n\t\t\t\t<div class=\"col-lg-2 col-md-3 col-sm-4 col-6\">\n\t\t\t\t\t<div class=\"block-books-item\">\n\t\t\t\t\t\t<div class=\"block-books-img\">\n\t\t\t\t\t\t\t<a href=\"https:\/\/tienda.babidibulibros.com\/libro\/abrazando-mis-emociones_149169\/\">\n\t\t\t\t\t\t\t\t<img loading=\"lazy\" decoding=\"async\" width=\"794\" height=\"567\" src=\"https:\/\/www.babidibulibros.com\/wp-content\/uploads\/2023\/10\/edition-141591.jpg\" class=\"attachment-post-thumbnail size-post-thumbnail wp-post-image\" alt=\"\" srcset=\"https:\/\/www.babidibulibros.com\/wp-content\/uploads\/2023\/10\/edition-141591.jpg 794w, https:\/\/www.babidibulibros.com\/wp-content\/uploads\/2023\/10\/edition-141591-420x300.jpg 420w, https:\/\/www.babidibulibros.com\/wp-content\/uploads\/2023\/10\/edition-141591-768x548.jpg 768w\" sizes=\"auto, (max-width: 794px) 100vw, 794px\" \/>\t\t\t\t\t\t\t<\/a>\n\t\t\t\t\t\t<\/div>\n\t\t\t\t\t\t<div class=\"block-books-body\">\n\t\t\t\t\t\t\t<h3>Abrazando mis emociones<\/h3>\n\t\t\t\t\t\t\t<p>Andrea L\u00f3pez Piacenza |Marcela Alviani B\u00e1rcena |Fernanda Bigotti<\/p>\n\t\t\t\t\t\t<\/div>\n\t\t\t\t\t<\/div>\n\t\t\t\t<\/div>\n\t\t\t\n\t\t\t\t\t\t  \n\t\t\t\t<div class=\"col-lg-2 col-md-3 col-sm-4 col-6\">\n\t\t\t\t\t<div class=\"block-books-item\">\n\t\t\t\t\t\t<div class=\"block-books-img\">\n\t\t\t\t\t\t\t<a href=\"https:\/\/tienda.babidibulibros.com\/libro\/respira-mama_148087\/\">\n\t\t\t\t\t\t\t\t<img loading=\"lazy\" decoding=\"async\" width=\"832\" height=\"600\" src=\"https:\/\/www.babidibulibros.com\/wp-content\/uploads\/2023\/07\/edition-140411.jpg\" class=\"attachment-post-thumbnail size-post-thumbnail wp-post-image\" alt=\"\" srcset=\"https:\/\/www.babidibulibros.com\/wp-content\/uploads\/2023\/07\/edition-140411.jpg 832w, https:\/\/www.babidibulibros.com\/wp-content\/uploads\/2023\/07\/edition-140411-416x300.jpg 416w, https:\/\/www.babidibulibros.com\/wp-content\/uploads\/2023\/07\/edition-140411-768x554.jpg 768w\" sizes=\"auto, (max-width: 832px) 100vw, 832px\" \/>\t\t\t\t\t\t\t<\/a>\n\t\t\t\t\t\t<\/div>\n\t\t\t\t\t\t<div class=\"block-books-body\">\n\t\t\t\t\t\t\t<h3>Respira mam\u00e1<\/h3>\n\t\t\t\t\t\t\t<p>Nica S\u00e1nchez  |Carmen Picallo<\/p>\n\t\t\t\t\t\t<\/div>\n\t\t\t\t\t<\/div>\n\t\t\t\t<\/div>\n\t\t\t\n\t\t\t\t\t\t  \n\t\t\t\t<div class=\"col-lg-2 col-md-3 col-sm-4 col-6\">\n\t\t\t\t\t<div class=\"block-books-item\">\n\t\t\t\t\t\t<div class=\"block-books-img\">\n\t\t\t\t\t\t\t<a href=\"https:\/\/tienda.babidibulibros.com\/libro\/don-avelino_148091\/\">\n\t\t\t\t\t\t\t\t<img loading=\"lazy\" decoding=\"async\" width=\"834\" height=\"600\" src=\"https:\/\/www.babidibulibros.com\/wp-content\/uploads\/2023\/07\/edition-140415.jpg\" class=\"attachment-post-thumbnail size-post-thumbnail wp-post-image\" alt=\"\" srcset=\"https:\/\/www.babidibulibros.com\/wp-content\/uploads\/2023\/07\/edition-140415.jpg 834w, https:\/\/www.babidibulibros.com\/wp-content\/uploads\/2023\/07\/edition-140415-417x300.jpg 417w, https:\/\/www.babidibulibros.com\/wp-content\/uploads\/2023\/07\/edition-140415-768x553.jpg 768w\" sizes=\"auto, (max-width: 834px) 100vw, 834px\" \/>\t\t\t\t\t\t\t<\/a>\n\t\t\t\t\t\t<\/div>\n\t\t\t\t\t\t<div class=\"block-books-body\">\n\t\t\t\t\t\t\t<h3>Don Avelino<\/h3>\n\t\t\t\t\t\t\t<p>Luc\u00eda Gerome  |Ana Solarte<\/p>\n\t\t\t\t\t\t<\/div>\n\t\t\t\t\t<\/div>\n\t\t\t\t<\/div>\n\t\t\t\n\t\t\t\t\t\t  \n\t\t\t\t<div class=\"col-lg-2 col-md-3 col-sm-4 col-6\">\n\t\t\t\t\t<div class=\"block-books-item\">\n\t\t\t\t\t\t<div class=\"block-books-img\">\n\t\t\t\t\t\t\t<a href=\"https:\/\/tienda.babidibulibros.com\/libro\/no-me-rindo_148162\/\">\n\t\t\t\t\t\t\t\t<img loading=\"lazy\" decoding=\"async\" width=\"827\" height=\"600\" src=\"https:\/\/www.babidibulibros.com\/wp-content\/uploads\/2023\/07\/edition-140493.jpg\" class=\"attachment-post-thumbnail size-post-thumbnail wp-post-image\" alt=\"\" srcset=\"https:\/\/www.babidibulibros.com\/wp-content\/uploads\/2023\/07\/edition-140493.jpg 827w, https:\/\/www.babidibulibros.com\/wp-content\/uploads\/2023\/07\/edition-140493-414x300.jpg 414w, https:\/\/www.babidibulibros.com\/wp-content\/uploads\/2023\/07\/edition-140493-768x557.jpg 768w\" sizes=\"auto, (max-width: 827px) 100vw, 827px\" \/>\t\t\t\t\t\t\t<\/a>\n\t\t\t\t\t\t<\/div>\n\t\t\t\t\t\t<div class=\"block-books-body\">\n\t\t\t\t\t\t\t<h3>\u00a1No me rindo!<\/h3>\n\t\t\t\t\t\t\t<p>Cecilia Blanes Ab\u00e1solo  |Emma Rabat<\/p>\n\t\t\t\t\t\t<\/div>\n\t\t\t\t\t<\/div>\n\t\t\t\t<\/div>\n\t\t\t\n\t\t\t\t\t\t  \n\t\t\t\t<div class=\"col-lg-2 col-md-3 col-sm-4 col-6\">\n\t\t\t\t\t<div class=\"block-books-item\">\n\t\t\t\t\t\t<div class=\"block-books-img\">\n\t\t\t\t\t\t\t<a href=\"https:\/\/tienda.babidibulibros.com\/libro\/leguminosas-talentosas_148159\/\">\n\t\t\t\t\t\t\t\t<img loading=\"lazy\" decoding=\"async\" width=\"829\" height=\"600\" src=\"https:\/\/www.babidibulibros.com\/wp-content\/uploads\/2023\/07\/edition-140488.jpg\" class=\"attachment-post-thumbnail size-post-thumbnail wp-post-image\" alt=\"\" srcset=\"https:\/\/www.babidibulibros.com\/wp-content\/uploads\/2023\/07\/edition-140488.jpg 829w, https:\/\/www.babidibulibros.com\/wp-content\/uploads\/2023\/07\/edition-140488-415x300.jpg 415w, https:\/\/www.babidibulibros.com\/wp-content\/uploads\/2023\/07\/edition-140488-768x556.jpg 768w\" sizes=\"auto, (max-width: 829px) 100vw, 829px\" \/>\t\t\t\t\t\t\t<\/a>\n\t\t\t\t\t\t<\/div>\n\t\t\t\t\t\t<div class=\"block-books-body\">\n\t\t\t\t\t\t\t<h3>Leguminosas Talentosas<\/h3>\n\t\t\t\t\t\t\t<p>Cristina Garc\u00eda  |Mar\u00eda Carolina Nervegna<\/p>\n\t\t\t\t\t\t<\/div>\n\t\t\t\t\t<\/div>\n\t\t\t\t<\/div>\n\t\t\t\n\t\t\t\t\t\t  \n\t\t\t\t<div class=\"col-lg-2 col-md-3 col-sm-4 col-6\">\n\t\t\t\t\t<div class=\"block-books-item\">\n\t\t\t\t\t\t<div class=\"block-books-img\">\n\t\t\t\t\t\t\t<a href=\"https:\/\/tienda.babidibulibros.com\/libro\/toby-un-heroe-canino_148076\/\">\n\t\t\t\t\t\t\t\t<img loading=\"lazy\" decoding=\"async\" width=\"834\" height=\"600\" src=\"https:\/\/www.babidibulibros.com\/wp-content\/uploads\/2023\/07\/edition-140399.jpg\" class=\"attachment-post-thumbnail size-post-thumbnail wp-post-image\" alt=\"\" srcset=\"https:\/\/www.babidibulibros.com\/wp-content\/uploads\/2023\/07\/edition-140399.jpg 834w, https:\/\/www.babidibulibros.com\/wp-content\/uploads\/2023\/07\/edition-140399-417x300.jpg 417w, https:\/\/www.babidibulibros.com\/wp-content\/uploads\/2023\/07\/edition-140399-768x553.jpg 768w\" sizes=\"auto, (max-width: 834px) 100vw, 834px\" \/>\t\t\t\t\t\t\t<\/a>\n\t\t\t\t\t\t<\/div>\n\t\t\t\t\t\t<div class=\"block-books-body\">\n\t\t\t\t\t\t\t<h3>Toby, un h\u00e9roe canino<\/h3>\n\t\t\t\t\t\t\t<p>M. Victoria Conde  |Daniel Mill\u00e1n<\/p>\n\t\t\t\t\t\t<\/div>\n\t\t\t\t\t<\/div>\n\t\t\t\t<\/div>\n\t\t\t\n\t\t\t\t\t\t\n\t<\/div>\n<\/div>\n\n\n\n\n\n\n\n\n","protected":false},"excerpt":{"rendered":"","protected":false},"author":4,"featured_media":0,"parent":0,"menu_order":54,"comment_status":"closed","ping_status":"closed","template":"page-layout-full.php","meta":{"_acf_changed":false,"content-type":"","footnotes":""},"class_list":["post-56546","page","type-page","status-publish","hentry"],"acf":[],"_links":{"self":[{"href":"https:\/\/www.babidibulibros.com\/en\/wp-json\/wp\/v2\/pages\/56546","targetHints":{"allow":["GET"]}}],"collection":[{"href":"https:\/\/www.babidibulibros.com\/en\/wp-json\/wp\/v2\/pages"}],"about":[{"href":"https:\/\/www.babidibulibros.com\/en\/wp-json\/wp\/v2\/types\/page"}],"author":[{"embeddable":true,"href":"https:\/\/www.babidibulibros.com\/en\/wp-json\/wp\/v2\/users\/4"}],"replies":[{"embeddable":true,"href":"https:\/\/www.babidibulibros.com\/en\/wp-json\/wp\/v2\/comments?post=56546"}],"version-history":[{"count":3,"href":"https:\/\/www.babidibulibros.com\/en\/wp-json\/wp\/v2\/pages\/56546\/revisions"}],"predecessor-version":[{"id":66923,"href":"https:\/\/www.babidibulibros.com\/en\/wp-json\/wp\/v2\/pages\/56546\/revisions\/66923"}],"wp:attachment":[{"href":"https:\/\/www.babidibulibros.com\/en\/wp-json\/wp\/v2\/media?parent=56546"}],"curies":[{"name":"wp","href":"https:\/\/api.w.org\/{rel}","templated":true}]}}