{"id":54356,"date":"2020-09-18T12:29:16","date_gmt":"2020-09-18T10:29:16","guid":{"rendered":"https:\/\/www.babidibulibros.com\/como-promocionamos-tu-libro-en-librerias\/"},"modified":"2023-06-28T11:50:11","modified_gmt":"2023-06-28T09:50:11","slug":"como-promovemos-o-teu-livro-nas-livrarias","status":"publish","type":"page","link":"https:\/\/www.babidibulibros.com\/pt-pt\/como-promovemos-o-teu-livro-nas-livrarias\/","title":{"rendered":"Como promovemos o teu livro nas livrarias"},"content":{"rendered":"\n<h2 class=\"wp-block-heading\">Arnoia, o nosso distribuidor para livrarias<\/h2>\n\n\n\n<div class=\"wp-block-media-text alignwide is-stacked-on-mobile\" style=\"grid-template-columns:46% auto\"><figure class=\"wp-block-media-text__media\"><img loading=\"lazy\" decoding=\"async\" width=\"836\" height=\"540\" src=\"https:\/\/www.babidibulibros.com\/wp-content\/uploads\/2023\/04\/qsomos1.jpg\" alt=\"\" class=\"wp-image-61823 size-full\" srcset=\"https:\/\/www.babidibulibros.com\/wp-content\/uploads\/2023\/04\/qsomos1.jpg 836w, https:\/\/www.babidibulibros.com\/wp-content\/uploads\/2023\/04\/qsomos1-464x300.jpg 464w, https:\/\/www.babidibulibros.com\/wp-content\/uploads\/2023\/04\/qsomos1-768x496.jpg 768w\" sizes=\"auto, (max-width: 836px) 100vw, 836px\" \/><\/figure><div class=\"wp-block-media-text__content\">\n<p class=\"has-text-align-left\">Temos muito orgulho em ter entrado no mercado portugu\u00eas e de ser um selo que aos poucos se vai enraizando nas m\u00e3os deste am\u00e1vel povo.<\/p>\n\n\n\n<p class=\"has-text-align-left\">\u00c9 por isso que te queremos mostrar a <strong>Arnoia Distribui\u00e7\u00e3o de Livros<\/strong>, a nossa distribuidora com ra\u00edzes espanholas que tamb\u00e9m j\u00e1 est\u00e1 incrementada no pa\u00eds vizinho.<\/p>\n\n\n\n<p class=\"has-text-align-left\">Gra\u00e7as a esta distribuidora, somos considerados uma <strong>editora infantil relevante<\/strong> no territ\u00f3rio. \u00c9 gra\u00e7as \u00e0 Arnoia que os nossos livros s\u00e3o distribuidos n\u00e3o s\u00f3 em <strong>Portugal <\/strong>mas tamb\u00e9m nos <strong>Pa\u00edses Africanos de L\u00edngua Oficial Portuguesa<\/strong> (PALOP\u2019s).<\/p>\n<\/div><\/div>\n\n\n\n<h2 class=\"has-text-align-center wp-block-heading\">Atos culturais<\/h2>\n\n\n\n<p>A<strong> BABIDI-B\u00da<\/strong>&nbsp;tem dentro das suas prioridades a convocat\u00f3ria de eventos culturais que visam divulgar as <strong>nossas novidades<\/strong> e cole\u00e7\u00f5es. Para tal s\u00f3 tens que dizer-nos as tuas prefer\u00eancias e acionaremos a maquinaria toda, com o objetivo de as satisfazer. <\/p>\n\n\n\n<p>Iremos a livrarias e sedes culturais em teu nome, oferecendo propostas atrativas e argumentadas com o objetivo de receber respostas favor\u00e1veis dos Gestores de Eventos ou Gestores Culturais. <\/p>\n\n\n\n<p>Trabalhamos lado a lado com os respons\u00e1veis das livrarias mais importantes no tocante \u00e0 organiza\u00e7\u00e3o de apresenta\u00e7\u00f5es e eventos, que de m\u00e3o dadas com os nossos autores, fazem com que os livros cheguem todos os dias aos nossos pequenos grandes leitores.  <\/p>\n\n\n\n<h2 class=\"has-text-align-center wp-block-heading\">Apresenta\u00e7\u00f5es, narra\u00e7\u00f5es de contos, workshops, reuni\u00f5es&#8230; <br>e muito mais!<\/h2>\n\n\n\n<p>Existem v\u00e1rias op\u00e7\u00f5es de apresenta\u00e7\u00e3o da obra aos nossos leitores. No entanto, agrupamos os modelos de convocat\u00f3ria em duas categorias: <\/p>\n\n\n\n<h2 class=\"is-style-steps wp-block-heading\">Atos em cadeia, livrarias independentes, papelarias e outros pontos de venda<\/h2>\n\n\n\n<p>Procuraremos contigo o formato mais adequado, escolhendo aquele com o qual te identificas mais e te sentes mais confort\u00e1vel, tendo sempre em conta o p\u00fablico-alvo do livro e tamb\u00e9m o sucesso que far\u00e1 a n\u00edvel comercial.<\/p>\n\n\n\n<h3 class=\"wp-block-heading\">Para crian\u00e7as dos 2 aos 9: narra\u00e7\u00f5es de contos com workshops<\/h3>\n\n\n\n<p>A nossa experi\u00eancia permite-nos perceber que sempre que o modelo de <strong>Narra\u00e7\u00f5es de contos + Workshops est\u00e1 destinado a crian\u00e7as entre os 2 e os 9 anos,<\/strong> obt\u00e9m bons resultados no que diz respeito ao n\u00famero de participantes e registos de venda. O foco do <strong>workshop <\/strong>dever\u00e1 estar enquadrado com a idade concreta a que se dirige cada evento<strong>.&nbsp;<\/strong><\/p>\n\n\n\n<figure class=\"wp-block-gallery has-nested-images columns-default is-cropped wp-block-gallery-1 is-layout-flex wp-block-gallery-is-layout-flex\">\n<figure class=\"wp-block-image size-large\"><img loading=\"lazy\" decoding=\"async\" width=\"1110\" height=\"710\" data-id=\"2644\" src=\"https:\/\/www.babidibulibros.com\/wp-content\/uploads\/2020\/11\/2-1110x710.jpg\" alt=\"\" class=\"wp-image-2644\" srcset=\"https:\/\/www.babidibulibros.com\/wp-content\/uploads\/2020\/11\/2-1110x710.jpg 1110w, https:\/\/www.babidibulibros.com\/wp-content\/uploads\/2020\/11\/2-469x300.jpg 469w, https:\/\/www.babidibulibros.com\/wp-content\/uploads\/2020\/11\/2-768x491.jpg 768w, https:\/\/www.babidibulibros.com\/wp-content\/uploads\/2020\/11\/2.jpg 1237w\" sizes=\"auto, (max-width: 1110px) 100vw, 1110px\" \/><\/figure>\n\n\n\n<figure class=\"wp-block-image size-large\"><img loading=\"lazy\" decoding=\"async\" width=\"692\" height=\"823\" data-id=\"2645\" src=\"https:\/\/www.babidibulibros.com\/wp-content\/uploads\/2020\/11\/8.jpg\" alt=\"\" class=\"wp-image-2645\" srcset=\"https:\/\/www.babidibulibros.com\/wp-content\/uploads\/2020\/11\/8.jpg 692w, https:\/\/www.babidibulibros.com\/wp-content\/uploads\/2020\/11\/8-252x300.jpg 252w\" sizes=\"auto, (max-width: 692px) 100vw, 692px\" \/><\/figure>\n\n\n\n<figure class=\"wp-block-image size-large\"><img loading=\"lazy\" decoding=\"async\" width=\"1110\" height=\"608\" data-id=\"2640\" src=\"https:\/\/www.babidibulibros.com\/wp-content\/uploads\/2020\/11\/7-1110x608.jpg\" alt=\"\" class=\"wp-image-2640\" srcset=\"https:\/\/www.babidibulibros.com\/wp-content\/uploads\/2020\/11\/7-1110x608.jpg 1110w, https:\/\/www.babidibulibros.com\/wp-content\/uploads\/2020\/11\/7-548x300.jpg 548w, https:\/\/www.babidibulibros.com\/wp-content\/uploads\/2020\/11\/7-768x420.jpg 768w, https:\/\/www.babidibulibros.com\/wp-content\/uploads\/2020\/11\/7.jpg 1381w\" sizes=\"auto, (max-width: 1110px) 100vw, 1110px\" \/><\/figure>\n\n\n\n<figure class=\"wp-block-image size-large\"><img loading=\"lazy\" decoding=\"async\" width=\"1110\" height=\"678\" data-id=\"2639\" src=\"https:\/\/www.babidibulibros.com\/wp-content\/uploads\/2020\/11\/1-1110x678.jpg\" alt=\"\" class=\"wp-image-2639\" srcset=\"https:\/\/www.babidibulibros.com\/wp-content\/uploads\/2020\/11\/1-1110x678.jpg 1110w, https:\/\/www.babidibulibros.com\/wp-content\/uploads\/2020\/11\/1-491x300.jpg 491w, https:\/\/www.babidibulibros.com\/wp-content\/uploads\/2020\/11\/1-768x469.jpg 768w, https:\/\/www.babidibulibros.com\/wp-content\/uploads\/2020\/11\/1.jpg 1234w\" sizes=\"auto, (max-width: 1110px) 100vw, 1110px\" \/><\/figure>\n\n\n\n<figure class=\"wp-block-image size-large\"><img loading=\"lazy\" decoding=\"async\" width=\"1110\" height=\"557\" data-id=\"2646\" src=\"https:\/\/www.babidibulibros.com\/wp-content\/uploads\/2020\/11\/3-1110x557.jpg\" alt=\"\" class=\"wp-image-2646\" srcset=\"https:\/\/www.babidibulibros.com\/wp-content\/uploads\/2020\/11\/3-1110x557.jpg 1110w, https:\/\/www.babidibulibros.com\/wp-content\/uploads\/2020\/11\/3-598x300.jpg 598w, https:\/\/www.babidibulibros.com\/wp-content\/uploads\/2020\/11\/3-768x386.jpg 768w, https:\/\/www.babidibulibros.com\/wp-content\/uploads\/2020\/11\/3.jpg 1500w\" sizes=\"auto, (max-width: 1110px) 100vw, 1110px\" \/><\/figure>\n<\/figure>\n\n\n\n<p><\/p>\n\n\n\n<p>Nos workshops dirigidos aos mais pequenos, recomendamos <strong>din\u00e2micas<\/strong> com materiais limpos (l\u00e1pis de cera, cartolinas, etc), sem risco de que sujem as m\u00e3os e consequentemente os livros que toquem. <\/p>\n\n\n\n<h3 class=\"wp-block-heading\">Para crian\u00e7as com idade superior a 10 anos: apresenta\u00e7\u00e3o com col\u00f3quio<\/h3>\n\n\n\n<p>O modelo Apresenta\u00e7\u00e3o + Col\u00f3quio \u00e9 \u00fatil quando os eventos s\u00e3o direcionados a crian\u00e7as com idades entre os 10 anos ou mais. <\/p>\n\n\n\n<p>Utilizamos o&nbsp;<strong>col\u00f3quio&nbsp;<\/strong>para aumentar o interesse dos participantes, atrav\u00e9s da revela\u00e7\u00e3o de algum aspeto interessante do livro. Estas revela\u00e7\u00f5es s\u00e3o efetuadas atrav\u00e9s do esquema de &#8220;perguntas e respostas\u201d.<\/p>\n\n\n\n<h2 class=\"is-style-steps wp-block-heading\">Atos em sedes culturais: bibliotecas, escolas, funda\u00e7\u00f5es\u2026<\/h2>\n\n\n\n<p class=\"is-style-steps\">Contrariamente ao modelo desenvolvido nas livrarias, que se reduz \u00e0 venda de livros no decorrer do ato: nestes casos a venda pode-se estender com exemplares do autor. Recomendamos este modelo de atua\u00e7\u00e3o quando o teu objetivo for obter um benef\u00edcio imediato, e claro que n\u00f3s iremos apoiar-te.  <\/p>\n\n\n\n\n<div id=\"video-bg-block_4b08b59117c76ec413abfec783cbe7ce\" class=\"block-video-bg video-bg\">\n\n\t\t\n\t<video autoplay=\"\" loop=\"\" playsinline=\"\" muted=\"\" preload=\"auto\"> \n\t\t<source src=\"https:\/\/www.babidibulibros.com\/wp-content\/uploads\/2022\/09\/05.mp4\" type=\"video\/mp4\">\n\t<\/video>\n\n\t<div class=\"block-video-bg-body\">\n\t\t<h2>Apresenta\u00e7\u00f5es inesquec\u00edveis<\/h2>\n<p>As apresenta\u00e7\u00f5es s\u00e3o um dos momentos mais importantes da vida de um livro, faremos o nosso melhor para torn\u00e1-las inesquec\u00edveis.<\/p>\n\t\t<div class=\"block-video-bg-buttons\">\n\t\t\t\t\t\t\t<a class=\"btn btn-primary\" href=\"https:\/\/www.babidibulibros.com\/pt-pt\/contacta-nos\/\">\n\t\t\t\t\tContacta-nos\t\t\t\t<\/a>\n\t\t\t\t\t\t\t\t<\/div>\n\t<\/div>\n\t<div class=\"block-video-bg-overlay\"><\/div>\n<\/div>  \n\n\n<div style=\"height:100px\" aria-hidden=\"true\" class=\"wp-block-spacer\"><\/div>\n\n\n\n<p>Contar\u00e1s, portanto, com possibilidades identicas \u00e0s comentadas anteriormente e com o <strong>nosso assessoramento <\/strong>na hora de procurar o formato adequado para cada espa\u00e7o cultural: desde uma apresenta\u00e7\u00e3o formal e acad\u00e9mica, at\u00e9 uma entrevista &#8211; col\u00f3quio com algum membro da institui\u00e7\u00e3o colaboradora. <\/p>\n\n\n\n<p>Estas ideas s\u00e3o o ponto de partida de uma <strong>s\u00e9rie de a\u00e7\u00f5es que visam implementar a tarefa comercial que o nosso distribuidor desempenha,<\/strong> assim como as que voc\u00eas, os autores, aportam atrav\u00e9s das vossas redes sociais.<\/p>\n\n\n\n<p><strong>Gostamos de autores proactivos<\/strong>, cujas ideias valorizamos e integramos em todas as fases pelas quais um projeto editorial passa: desde o momento da&nbsp;<strong>maqueta\u00e7\u00e3o e desenho<\/strong>, at\u00e9 que o livro se encontre nas prateleiras das livrarias. Estamos \u00e0 espera de conhecer as tuas!<\/p>\n\n\n\n<div class=\"wp-block-group\"><div class=\"wp-block-group__inner-container is-layout-flow wp-block-group-is-layout-flow\">\n<h2 class=\"has-text-align-left wp-block-heading\">Cartazes, convites e divulga\u00e7\u00e3o nas redes sociais<\/h2>\n\n\n\n<div class=\"wp-block-columns are-vertically-aligned-center is-style-default is-layout-flex wp-container-core-columns-is-layout-9d6595d7 wp-block-columns-is-layout-flex\">\n<div class=\"wp-block-column is-vertically-aligned-center is-layout-flow wp-block-column-is-layout-flow\">\n<figure class=\"wp-block-image size-large is-style-default\"><img loading=\"lazy\" decoding=\"async\" width=\"1024\" height=\"1024\" src=\"https:\/\/www.babidibulibros.com\/wp-content\/uploads\/2023\/06\/CARTEL_PUAS_PT-1024x1024.jpg\" alt=\"\" class=\"wp-image-64560\" srcset=\"https:\/\/www.babidibulibros.com\/wp-content\/uploads\/2023\/06\/CARTEL_PUAS_PT-1024x1024.jpg 1024w, https:\/\/www.babidibulibros.com\/wp-content\/uploads\/2023\/06\/CARTEL_PUAS_PT-300x300.jpg 300w, https:\/\/www.babidibulibros.com\/wp-content\/uploads\/2023\/06\/CARTEL_PUAS_PT-768x768.jpg 768w, https:\/\/www.babidibulibros.com\/wp-content\/uploads\/2023\/06\/CARTEL_PUAS_PT.jpg 1200w\" sizes=\"auto, (max-width: 1024px) 100vw, 1024px\" \/><\/figure>\n<\/div>\n\n\n\n<div class=\"wp-block-column is-vertically-aligned-center is-layout-flow wp-block-column-is-layout-flow\">\n<p>Desenharemos cartazes e convites com os nossos log\u00f3tipos e os da livraria colaboradora, para contribuir na divulga\u00e7\u00e3o do evento.<\/p>\n\n\n\n<p>A livraria e n\u00f3s pr\u00f3prios anunciaremos o evento no nosso site, redes sociais e canais habituais, convocando todos os nossos seguidores.<\/p>\n\n\n\n<p>Tamb\u00e9m ter\u00e1s dispon\u00edvel todos estes an\u00fancios, pelo que te pedimos que os comparti-lhes com todos os teus seguidores, para que ningu\u00e9m fique sem conhecer o evento. <\/p>\n\n\n\n<div class=\"wp-block-buttons is-horizontal is-content-justification-center is-layout-flex wp-container-core-buttons-is-layout-499968f5 wp-block-buttons-is-layout-flex\">\n<div class=\"wp-block-button\"><a class=\"wp-block-button__link wp-element-button\" href=\"https:\/\/www.babidibulibros.com\/pt-pt\/materiais-para-promover-o-teu-livro\/\" style=\"border-radius:50px\" target=\"_blank\" rel=\"https:\/\/www.babidibulibros.com\/servicios-para-promocionar-tu-libro\/ noopener noreferrer\">Descobre mais servi\u00e7os promocionais<\/a><\/div>\n<\/div>\n<\/div>\n<\/div>\n<\/div><\/div>\n\n\n\n<div class=\"wp-block-group\"><div class=\"wp-block-group__inner-container is-layout-flow wp-block-group-is-layout-flow\"><\/div><\/div>\n\n\n\n<hr class=\"wp-block-separator has-css-opacity\"\/>\n\n\n\n<section id=\"faq-block_d521a08f4337978f97cd318afe7926c9\" class=\"section section-faqs faq\">\n\t<div class=\"container\">\n\t\t\t\t\t<div class=\"accordion\" id=\"accordionFAQ\">\n\t\t\t\t\t\t\t         <div class=\"card\">\n\t\t\t            <div class=\"card-header\" id=\"heading-1\">\n\t\t\t               <button class=\"collapsed\" type=\"button\" data-toggle=\"collapse\" data-target=\"#collapse-1\" aria-expanded=\"false\" aria-controls=\"collapse-1\">\n\t\t\t               <span>Como \u00e9 que a editora BABIDI-B\u00da ajuda na divulga\u00e7\u00e3o da obra?<\/span>\n\t\t\t               <\/button>\n\t\t\t            <\/div>\n\t\t\t            <div id=\"collapse-1\" class=\"collapse\" aria-labelledby=\"heading-1\" data-parent=\"#accordionFAQ\" style=\"\">\n\t\t\t               <div class=\"card-body\">\n\t\t\t                  A editora leva muito a s\u00e9rio este tema, por tal preparamos com uma aten\u00e7\u00e3o especial os diferentes canais de divulga\u00e7\u00e3o que utilizamos para distribuir a tua obra.\r\n\r\n\t\t\t               <\/div>\n\t\t\t            <\/div>\n\t\t\t         <\/div>\n\t\t\t\t\t\t\t         <div class=\"card\">\n\t\t\t            <div class=\"card-header\" id=\"heading-2\">\n\t\t\t               <button class=\"collapsed\" type=\"button\" data-toggle=\"collapse\" data-target=\"#collapse-2\" aria-expanded=\"false\" aria-controls=\"collapse-2\">\n\t\t\t               <span>Quais s\u00e3o estes canais de divulga\u00e7\u00e3o? <\/span>\n\t\t\t               <\/button>\n\t\t\t            <\/div>\n\t\t\t            <div id=\"collapse-2\" class=\"collapse\" aria-labelledby=\"heading-2\" data-parent=\"#accordionFAQ\" style=\"\">\n\t\t\t               <div class=\"card-body\">\n\t\t\t                  Implementamos v\u00e1rias estrat\u00e9gias. Um dos nossos pontos fortes s\u00e3o as convocat\u00f3rias que fazemos para presen\u00e7as em livrarias, bibliotecas, funda\u00e7\u00f5es&#8230; concordamos com os autores, com as narra\u00e7\u00f5es de contos em livrarias, escolas&#8230; Tamb\u00e9m promovemos as obras nas nossas redes sociais e na nossa p\u00e1gina web. \t\t\t               <\/div>\n\t\t\t            <\/div>\n\t\t\t         <\/div>\n\t\t\t\t\t\t\t         <div class=\"card\">\n\t\t\t            <div class=\"card-header\" id=\"heading-3\">\n\t\t\t               <button class=\"collapsed\" type=\"button\" data-toggle=\"collapse\" data-target=\"#collapse-3\" aria-expanded=\"false\" aria-controls=\"collapse-3\">\n\t\t\t               <span>Como funciona o trabalho de divulga\u00e7\u00e3o nas redes sociais da BABIDI-B\u00da?<\/span>\n\t\t\t               <\/button>\n\t\t\t            <\/div>\n\t\t\t            <div id=\"collapse-3\" class=\"collapse\" aria-labelledby=\"heading-3\" data-parent=\"#accordionFAQ\" style=\"\">\n\t\t\t               <div class=\"card-body\">\n\t\t\t                  Compilamos todas as not\u00edcias referentes ao teu manuscrito na nossa p\u00e1gina web. Para al\u00e9m disso criamos v\u00e1rias publica\u00e7\u00f5es nas nossas redes sociais, chegando a um p\u00fablico bastante numeroso. \t\t\t               <\/div>\n\t\t\t            <\/div>\n\t\t\t         <\/div>\n\t\t\t\t\t\t\t         <div class=\"card\">\n\t\t\t            <div class=\"card-header\" id=\"heading-4\">\n\t\t\t               <button class=\"collapsed\" type=\"button\" data-toggle=\"collapse\" data-target=\"#collapse-4\" aria-expanded=\"false\" aria-controls=\"collapse-4\">\n\t\t\t               <span>Encarregam-se de realizar as chamadas para as apresenta\u00e7\u00f5es?<\/span>\n\t\t\t               <\/button>\n\t\t\t            <\/div>\n\t\t\t            <div id=\"collapse-4\" class=\"collapse\" aria-labelledby=\"heading-4\" data-parent=\"#accordionFAQ\" style=\"\">\n\t\t\t               <div class=\"card-body\">\n\t\t\t                  \u00c9 um trabalho conjunto. Assim que tenhas um primeiro contacto com o espa\u00e7o onde vai decorrer a apresenta\u00e7\u00e3o, trabalharemos de forma conjunta para que a mesma seja o mais profissional poss\u00edvel.\r\n\r\n\t\t\t               <\/div>\n\t\t\t            <\/div>\n\t\t\t         <\/div>\n\t\t\t\t\t\t\t         <div class=\"card\">\n\t\t\t            <div class=\"card-header\" id=\"heading-5\">\n\t\t\t               <button class=\"collapsed\" type=\"button\" data-toggle=\"collapse\" data-target=\"#collapse-5\" aria-expanded=\"false\" aria-controls=\"collapse-5\">\n\t\t\t               <span>Ap\u00f3s a convoca\u00e7\u00e3o para eventos\/narra\u00e7\u00f5es de hist\u00f3ria, continuam a promover o livro?<\/span>\n\t\t\t               <\/button>\n\t\t\t            <\/div>\n\t\t\t            <div id=\"collapse-5\" class=\"collapse\" aria-labelledby=\"heading-5\" data-parent=\"#accordionFAQ\" style=\"\">\n\t\t\t               <div class=\"card-body\">\n\t\t\t                  Sim. Oferecemos a obra a revisores profissionais para que a publiquem em sites especializados com um elevado p\u00fablico de difus\u00e3o, contribuindo para que a mesma ganhe mais reconhecimento. Tamb\u00e9m realizamos comunicados de imprensa sobre as novas obras, que distribu\u00edmos para publica\u00e7\u00e3o em diferentes meios de comunica\u00e7\u00e3o. \t\t\t               <\/div>\n\t\t\t            <\/div>\n\t\t\t         <\/div>\n\t\t\t\t\t\t\t         <div class=\"card\">\n\t\t\t            <div class=\"card-header\" id=\"heading-6\">\n\t\t\t               <button class=\"collapsed\" type=\"button\" data-toggle=\"collapse\" data-target=\"#collapse-6\" aria-expanded=\"false\" aria-controls=\"collapse-6\">\n\t\t\t               <span>Porque come\u00e7aram a s\u00e9rie Cuentacuentos?<\/span>\n\t\t\t               <\/button>\n\t\t\t            <\/div>\n\t\t\t            <div id=\"collapse-6\" class=\"collapse\" aria-labelledby=\"heading-6\" data-parent=\"#accordionFAQ\" style=\"\">\n\t\t\t               <div class=\"card-body\">\n\t\t\t                  Durante a pandemia, como n\u00e3o foi poss\u00edvel fazer apresenta\u00e7\u00f5es, cri\u00e1mos o projeto #TeCuentoMiCuento, onde os nossos autores, atrav\u00e9s de um v\u00eddeo, realizaram narra\u00e7\u00f5es de contos de forma digital, o que lhes trouxe um grande engajamento. Podes ver algumas delas atrav\u00e9s deste link: https:\/\/www.babidibulibros.com\/cuenta-cuentos\/\t\t\t               <\/div>\n\t\t\t            <\/div>\n\t\t\t         <\/div>\n\t\t\t\t\t\t\t         <div class=\"card\">\n\t\t\t            <div class=\"card-header\" id=\"heading-7\">\n\t\t\t               <button class=\"collapsed\" type=\"button\" data-toggle=\"collapse\" data-target=\"#collapse-7\" aria-expanded=\"false\" aria-controls=\"collapse-7\">\n\t\t\t               <span>Realizam outra forma de promo\u00e7\u00e3o para os autores? <\/span>\n\t\t\t               <\/button>\n\t\t\t            <\/div>\n\t\t\t            <div id=\"collapse-7\" class=\"collapse\" aria-labelledby=\"heading-7\" data-parent=\"#accordionFAQ\" style=\"\">\n\t\t\t               <div class=\"card-body\">\n\t\t\t                  Estamos a criar uma nova sec\u00e7\u00e3o de entrevistas no nosso website, onde realizamos uma entrevista personalizada aos autores, nas quais para al\u00e9m de falarmos da obra, tamb\u00e9m te permitimos a ti, enquanto escritor, que contes aspetos novos sobre o teu livro, como o escreves-te, como surgiu a ideia para o mesmo, alguma curiosidade que torne o teu livro mais interessante&#8230;\r\n\r\n\r\n\t\t\t               <\/div>\n\t\t\t            <\/div>\n\t\t\t         <\/div>\n\t\t\t\t\t\t\t         <div class=\"card\">\n\t\t\t            <div class=\"card-header\" id=\"heading-8\">\n\t\t\t               <button class=\"collapsed\" type=\"button\" data-toggle=\"collapse\" data-target=\"#collapse-8\" aria-expanded=\"false\" aria-controls=\"collapse-8\">\n\t\t\t               <span>E para a promo\u00e7\u00e3o do livro?<\/span>\n\t\t\t               <\/button>\n\t\t\t            <\/div>\n\t\t\t            <div id=\"collapse-8\" class=\"collapse\" aria-labelledby=\"heading-8\" data-parent=\"#accordionFAQ\" style=\"\">\n\t\t\t               <div class=\"card-body\">\n\t\t\t                  Disponibilizamos ao autor material para promover o seu livro. Temos v\u00e1rias op\u00e7\u00f5es personalizadas: canecas, cartazes, cadernos, agendas, expositores e marca-p\u00e1ginas. \r\n\t\t\t               <\/div>\n\t\t\t            <\/div>\n\t\t\t         <\/div>\n\t\t\t\t\t\t\t<\/div>\n\t\t\t\t<div class=\"text-center support-text\">\n\t\t\t<p>Tens mais perguntas? <a href=\"https:\/\/www.babidibulibros.com\/contacto\/\">Contacta-nos<\/a><\/p> \n\t\t<\/div>\n\t<\/div>\n\t<script type=\"application\/ld+json\">\n\t\t{\n\t    \t\"@context\": \"https:\/\/schema.org\",\n\t\t\t\"@type\": \"FAQPage\",\n\t\t\t\"mainEntity\": [\n\t\t\t\t\t\t\t\t\t{\n\t\t\t\t        \"@type\": \"Question\",\n\t\t\t\t        \"name\": \"Como \u00e9 que a editora BABIDI-B\u00da ajuda na divulga\u00e7\u00e3o da obra?\",\n\t\t\t\t        \"acceptedAnswer\": {\n\t\t\t\t        \t\"@type\": \"Answer\",\n\t\t\t\t\t\t\t\"text\": \"A editora leva muito a s\u00e9rio este tema, por tal preparamos com uma aten\u00e7\u00e3o especial os diferentes canais de divulga\u00e7\u00e3o que utilizamos para distribuir a tua obra.\r\n\r\n\"\n\t\t\t\t\t\t}\n\t\t\t\t    }\n\t\t\t\t    \t\t\t\t    \n\t\t\t\t\t\t\t\t\t\t,{\n\t\t\t\t\t        \"@type\": \"Question\",\n\t\t\t\t\t        \"name\": \"Quais s\u00e3o estes canais de divulga\u00e7\u00e3o? \",\n\t\t\t\t\t        \"acceptedAnswer\": {\n\t\t\t\t\t        \t\"@type\": \"Answer\",\n\t\t\t\t\t\t\t\t\"text\": \"Implementamos v\u00e1rias estrat\u00e9gias. Um dos nossos pontos fortes s\u00e3o as convocat\u00f3rias que fazemos para presen\u00e7as em livrarias, bibliotecas, funda\u00e7\u00f5es... concordamos com os autores, com as narra\u00e7\u00f5es de contos em livrarias, escolas... Tamb\u00e9m promovemos as obras nas nossas redes sociais e na nossa p\u00e1gina web. \"\n\t\t\t\t\t\t\t}\n\t\t\t\t\t    }\n\t\t\t\t    \t\t\t\t    \n\t\t\t\t\t\t\t\t\t\t,{\n\t\t\t\t\t        \"@type\": \"Question\",\n\t\t\t\t\t        \"name\": \"Como funciona o trabalho de divulga\u00e7\u00e3o nas redes sociais da BABIDI-B\u00da?\",\n\t\t\t\t\t        \"acceptedAnswer\": {\n\t\t\t\t\t        \t\"@type\": \"Answer\",\n\t\t\t\t\t\t\t\t\"text\": \"Compilamos todas as not\u00edcias referentes ao teu manuscrito na nossa p\u00e1gina web. Para al\u00e9m disso criamos v\u00e1rias publica\u00e7\u00f5es nas nossas redes sociais, chegando a um p\u00fablico bastante numeroso. \"\n\t\t\t\t\t\t\t}\n\t\t\t\t\t    }\n\t\t\t\t    \t\t\t\t    \n\t\t\t\t\t\t\t\t\t\t,{\n\t\t\t\t\t        \"@type\": \"Question\",\n\t\t\t\t\t        \"name\": \"Encarregam-se de realizar as chamadas para as apresenta\u00e7\u00f5es?\",\n\t\t\t\t\t        \"acceptedAnswer\": {\n\t\t\t\t\t        \t\"@type\": \"Answer\",\n\t\t\t\t\t\t\t\t\"text\": \"\u00c9 um trabalho conjunto. Assim que tenhas um primeiro contacto com o espa\u00e7o onde vai decorrer a apresenta\u00e7\u00e3o, trabalharemos de forma conjunta para que a mesma seja o mais profissional poss\u00edvel.\r\n\r\n\"\n\t\t\t\t\t\t\t}\n\t\t\t\t\t    }\n\t\t\t\t    \t\t\t\t    \n\t\t\t\t\t\t\t\t\t\t,{\n\t\t\t\t\t        \"@type\": \"Question\",\n\t\t\t\t\t        \"name\": \"Ap\u00f3s a convoca\u00e7\u00e3o para eventos\/narra\u00e7\u00f5es de hist\u00f3ria, continuam a promover o livro?\",\n\t\t\t\t\t        \"acceptedAnswer\": {\n\t\t\t\t\t        \t\"@type\": \"Answer\",\n\t\t\t\t\t\t\t\t\"text\": \"Sim. Oferecemos a obra a revisores profissionais para que a publiquem em sites especializados com um elevado p\u00fablico de difus\u00e3o, contribuindo para que a mesma ganhe mais reconhecimento. Tamb\u00e9m realizamos comunicados de imprensa sobre as novas obras, que distribu\u00edmos para publica\u00e7\u00e3o em diferentes meios de comunica\u00e7\u00e3o. \"\n\t\t\t\t\t\t\t}\n\t\t\t\t\t    }\n\t\t\t\t    \t\t\t\t    \n\t\t\t\t\t\t\t\t\t\t,{\n\t\t\t\t\t        \"@type\": \"Question\",\n\t\t\t\t\t        \"name\": \"Porque come\u00e7aram a s\u00e9rie Cuentacuentos?\",\n\t\t\t\t\t        \"acceptedAnswer\": {\n\t\t\t\t\t        \t\"@type\": \"Answer\",\n\t\t\t\t\t\t\t\t\"text\": \"Durante a pandemia, como n\u00e3o foi poss\u00edvel fazer apresenta\u00e7\u00f5es, cri\u00e1mos o projeto #TeCuentoMiCuento, onde os nossos autores, atrav\u00e9s de um v\u00eddeo, realizaram narra\u00e7\u00f5es de contos de forma digital, o que lhes trouxe um grande engajamento. Podes ver algumas delas atrav\u00e9s deste link: https:\/\/www.babidibulibros.com\/cuenta-cuentos\/\"\n\t\t\t\t\t\t\t}\n\t\t\t\t\t    }\n\t\t\t\t    \t\t\t\t    \n\t\t\t\t\t\t\t\t\t\t,{\n\t\t\t\t\t        \"@type\": \"Question\",\n\t\t\t\t\t        \"name\": \"Realizam outra forma de promo\u00e7\u00e3o para os autores? \",\n\t\t\t\t\t        \"acceptedAnswer\": {\n\t\t\t\t\t        \t\"@type\": \"Answer\",\n\t\t\t\t\t\t\t\t\"text\": \"Estamos a criar uma nova sec\u00e7\u00e3o de entrevistas no nosso website, onde realizamos uma entrevista personalizada aos autores, nas quais para al\u00e9m de falarmos da obra, tamb\u00e9m te permitimos a ti, enquanto escritor, que contes aspetos novos sobre o teu livro, como o escreves-te, como surgiu a ideia para o mesmo, alguma curiosidade que torne o teu livro mais interessante...\r\n\r\n\r\n\"\n\t\t\t\t\t\t\t}\n\t\t\t\t\t    }\n\t\t\t\t    \t\t\t\t    \n\t\t\t\t\t\t\t\t\t\t,{\n\t\t\t\t\t        \"@type\": \"Question\",\n\t\t\t\t\t        \"name\": \"E para a promo\u00e7\u00e3o do livro?\",\n\t\t\t\t\t        \"acceptedAnswer\": {\n\t\t\t\t\t        \t\"@type\": \"Answer\",\n\t\t\t\t\t\t\t\t\"text\": \"Disponibilizamos ao autor material para promover o seu livro. Temos v\u00e1rias op\u00e7\u00f5es personalizadas: canecas, cartazes, cadernos, agendas, expositores e marca-p\u00e1ginas. \r\n\"\n\t\t\t\t\t\t\t}\n\t\t\t\t\t    }\n\t\t\t\t    \t\t\t\t    \n\t\t\t\t\t\t\t]\n\t    }\n    <\/script>    \n<\/section>\n\n\n\n\n\n\n\n\n\n\n\n<h2 class=\"has-text-align-center wp-block-heading\">Ainda tens d\u00favidas?<\/h2>\n\n\n\n<p class=\"has-text-align-center\">Contacta-nos ou l\u00ea as nossas perguntas mais frequentes sobre a publica\u00e7\u00e3o de livros infantis. <\/p>\n\n\n\n<div id=\"contact-block_cbfb30814863169ed253808e66f7168b\" class=\"block-contact\">\n\t<div class=\"block-contact-txt\">\n\t\t<h2>Contacta-nos<\/h2>\n\t\t<p>Liga-nos ou pede-nos que te liguemos para pedir assessoramento<\/p>\n\t<\/div>\n\t<div class=\"block-contact-items\">\n\t\t<div class=\"contact-item\">\n\t\t\t<a href=\"https:\/\/api.whatsapp.com\/send?phone=34653754771&#038;\" alt=\"Whatsapp Babidibu\" rel=\"nofollow noopener\" target=\"_blank\">\n\t\t\t\t<div class=\"contact-item-icon\">\n\t\t\t\t\t<i class=\"ri-whatsapp-line\"><\/i> \n\t\t\t\t<\/div>\n\t\t\t\t<div class=\"contact-item-txt\">\n\t\t\t\t\tWhatsApp\n\t\t\t\t<\/div>\n\t\t\t<\/a>\n\t\t<\/div>\n\t\t<div class=\"contact-item\">\n\t\t\t<a href=\"tel:+34653754771\" alt=\"Ligar para a Babidib\u00fa\">\n\t\t\t\t<div class=\"contact-item-icon\">\n\t\t\t\t\t<i class=\"ri-smartphone-line\"><\/i>\n\t\t\t\t<\/div>\n\t\t\t\t<div class=\"contact-item-txt\">\n\t\t\t\tTelefone\t\t\t\t<\/div>\n\t\t\t<\/a>\n\t\t<\/div>\n\t\t<div class=\"contact-item\">\n\t\t\t<a href=\"https:\/\/www.babidibulibros.com\/publica-con-nosotros\/\">\n\t\t\t\t<div class=\"contact-item-icon\">\n\t\t\t\t\t<i class=\"ri-file-list-3-line\"><\/i>\n\t\t\t\t<\/div>\n\t\t\t\t<div class=\"contact-item-txt\">\n\t\t\t\t\tManuscrito\t\t\t\t<\/div>\n\t\t\t<\/a>\n\t\t<\/div>\n\t<\/div>\n<\/div>","protected":false},"excerpt":{"rendered":"<p>Arnoia, o nosso distribuidor para livrarias Temos muito orgulho em ter entrado no mercado portugu\u00eas e de ser um selo [&hellip;]<\/p>\n","protected":false},"author":5,"featured_media":0,"parent":0,"menu_order":85,"comment_status":"closed","ping_status":"closed","template":"","meta":{"_acf_changed":false,"content-type":"","footnotes":""},"class_list":["post-54356","page","type-page","status-publish","hentry"],"acf":[],"_links":{"self":[{"href":"https:\/\/www.babidibulibros.com\/pt-pt\/wp-json\/wp\/v2\/pages\/54356","targetHints":{"allow":["GET"]}}],"collection":[{"href":"https:\/\/www.babidibulibros.com\/pt-pt\/wp-json\/wp\/v2\/pages"}],"about":[{"href":"https:\/\/www.babidibulibros.com\/pt-pt\/wp-json\/wp\/v2\/types\/page"}],"author":[{"embeddable":true,"href":"https:\/\/www.babidibulibros.com\/pt-pt\/wp-json\/wp\/v2\/users\/5"}],"replies":[{"embeddable":true,"href":"https:\/\/www.babidibulibros.com\/pt-pt\/wp-json\/wp\/v2\/comments?post=54356"}],"version-history":[{"count":3,"href":"https:\/\/www.babidibulibros.com\/pt-pt\/wp-json\/wp\/v2\/pages\/54356\/revisions"}],"predecessor-version":[{"id":64565,"href":"https:\/\/www.babidibulibros.com\/pt-pt\/wp-json\/wp\/v2\/pages\/54356\/revisions\/64565"}],"wp:attachment":[{"href":"https:\/\/www.babidibulibros.com\/pt-pt\/wp-json\/wp\/v2\/media?parent=54356"}],"curies":[{"name":"wp","href":"https:\/\/api.w.org\/{rel}","templated":true}]}}