{"id":61066,"date":"2023-04-13T09:50:22","date_gmt":"2023-04-13T07:50:22","guid":{"rendered":"https:\/\/www.babidibulibros.com\/quienes-somos\/"},"modified":"2025-01-17T11:08:30","modified_gmt":"2025-01-17T10:08:30","slug":"quem-somos","status":"publish","type":"page","link":"https:\/\/www.babidibulibros.com\/pt-pt\/quem-somos\/","title":{"rendered":"Quem somos"},"content":{"rendered":"\n<p><\/p>\n\n\n\n<h2 class=\"wp-block-heading\">Uma editora especializada em livros para o p\u00fablico infantil e juvenil<\/h2>\n\n\n\n<p>As nossas publica\u00e7\u00f5es respondem duplamente aos <strong>desafios culturais do mundo atual<\/strong>. Proporcionam <strong><a href=\"https:\/\/www.babidibulibros.com\/pt-pt\/porque-somos-a-melhor-editora-para-criancas-e-jovens\/\">valores <\/a><\/strong> e interesse social na educa\u00e7\u00e3o e desenvolvimento da inf\u00e2ncia e adolesc\u00eancia. Aproximam a <strong><a href=\"https:\/\/www.babidibulibros.com\/pt-pt\/como-publicar-un-libro-infantil\/\">edi\u00e7\u00e3o e a publica\u00e7\u00e3o<\/a><\/strong> profissional a autores emergentes. Os mais de 1.500 t\u00edtulos publicados durante os nossos primeiros 10 anos de vida avaliam-nos positivamente. <\/p>\n\n\n\n<figure class=\"wp-block-image alignwide size-full\"><img loading=\"lazy\" decoding=\"async\" width=\"1110\" height=\"740\" src=\"https:\/\/www.babidibulibros.com\/wp-content\/uploads\/2024\/11\/4.Quienes-somos__1_small-1-1110x740-1.png\" alt=\"\" class=\"wp-image-80661\" srcset=\"https:\/\/www.babidibulibros.com\/wp-content\/uploads\/2024\/11\/4.Quienes-somos__1_small-1-1110x740-1.png 1110w, https:\/\/www.babidibulibros.com\/wp-content\/uploads\/2024\/11\/4.Quienes-somos__1_small-1-1110x740-1-450x300.png 450w, https:\/\/www.babidibulibros.com\/wp-content\/uploads\/2024\/11\/4.Quienes-somos__1_small-1-1110x740-1-768x512.png 768w\" sizes=\"auto, (max-width: 1110px) 100vw, 1110px\" \/><\/figure>\n\n\n\n<p>Na <strong>BABIDI-B\u00da<\/strong>, enquanto <strong><a href=\"https:\/\/www.babidibulibros.com\/pt-pt\/\">editora infantil e juvenil<\/a><\/strong> comprometida, estamos conscientes da evolu\u00e7\u00e3o das necessidades e dos problemas sociais e, em particular, das defici\u00eancias do sector editorial em termos de publica\u00e7\u00f5es infantis que as abordam. Adapt\u00e1mo-nos ao debate social dos \u00faltimos tempos e temos vindo a atualizar a nossa cole\u00e7\u00e3o editorial com novas cole\u00e7\u00f5es que abordam a transforma\u00e7\u00e3o que as novas sociedades contempor\u00e2neas t\u00eam vindo a viver. Consideramos que a literatura infantojuvenil \u00e9 um g\u00eanero fundamental para a cria\u00e7\u00e3o de futuros leitores, para educ\u00e1-los em valores e form\u00e1-los no que diz respeito aos seus gostos liter\u00e1rios enquanto adultos.<\/p>\n\n\n\n<p><\/p>\n\n\n\n<h2 class=\"wp-block-heading\">Colocamos os valores culturais e educacionais em 1\u00ba lugar<\/h2>\n\n\n\n<p>Incentivamos a criatividade nas crian\u00e7as e jovens como meio de express\u00e3o, ajudando-os a desenvolver a sua imagina\u00e7\u00e3o e potenciando o desenvolvimento da sua <strong>intelig\u00eancia emocional<\/strong> e dos valores \u00e9ticos. Publicamos hist\u00f3rias ilustradas nunca antes contadas, com uma qualidade art\u00edstica e liter\u00e1ria que transmite <strong>valores humanos, sociais e culturais<\/strong>. Os nossos livros para os mais novos querem educar para a diversidade, identidade de g\u00e9nero, integra\u00e7\u00e3o e respeito pelo meio ambiente. <\/p>\n\n\n\n<p>Por isso, dispomos de um cat\u00e1logo com <strong>21 cole\u00e7\u00f5es<\/strong> que v\u00e3o desde contos para pr\u00e9 leitores dos 0 aos 3 anos, at\u00e9 a uma narrativa mais orientada para um p\u00fablico a partir dos 14 anos. <\/p>\n\n\n\n<p>Contudo, as nossas cole\u00e7\u00f5es, para al\u00e9m de englobarem obras catalogadas por faixas et\u00e1rias de leitores e tipos de livros, abordam tamb\u00e9m o <strong>amor pela natureza<\/strong>, o respeito pelo ambiente e a responsabilidade individual para com o nosso planeta e para com os animais, enfatizando a <strong>consci\u00eancia social<\/strong> a todos os n\u00edveis. Abordam a compreens\u00e3o da <strong>diversidade<\/strong> e a<strong> inclus\u00e3o social<\/strong> de todos os seres humanos, ou seja, falam de temas como a liberdade, <strong>toler\u00e2ncia<\/strong> e <strong>respeito pelo que \u00e9 diferente<\/strong> (dando visibilidade ao LGTBI).<\/p>\n\n\n\n<p>Em suma, os nossos livros s\u00e3o <strong>ferramentas<\/strong> que nos treinam a entender o mundo a partir do amor, da intelig\u00eancia emocional, e muito mais&#8230; A editora tamb\u00e9m d\u00e1 visibilidade a hist\u00f3rias de supera\u00e7\u00e3o de v\u00e1rias doen\u00e7as que fazem parte do dia a dia de muitas crian\u00e7as, tentando sensibilizar os seus leitores relativamente a estas realidades. Tamb\u00e9m temos livros sobre m\u00fasica, livros que abordam a preven\u00e7\u00e3o de abusos na inf\u00e2ncia ou que ajudam a lidar com o luto pela perda de um ente querido. Muitas das vezes as nossas hist\u00f3rias s\u00e3o contadas pelos pr\u00f3prios escritores mirins.<\/p>\n\n\n\n<div id=\"big-books-block_23bb6855cf69810beee3373c8bd4de8e\" class=\"block-big-books\" data-bg-text=\"\">\n\t<div class=\"row\">\n\t\t<div class=\"big-books three-cols\">\t\t\n\t\t\t\t\t\t\t\t<div class=\"big-books-item\">\n\t\t\t\t\t\t<a class=\"big-books-item-link\" target=\"_self\" href=\"https:\/\/tienda.babidibulibros.com\/libro\/fala-me-dela_147281\/\"><\/a>\n\t\t\t\t\t\t<img loading=\"lazy\" decoding=\"async\" width=\"956\" height=\"1028\" src=\"https:\/\/www.babidibulibros.com\/wp-content\/uploads\/2023\/06\/edition-139547.jpg\" class=\"attachment-post-thumbnail size-post-thumbnail wp-post-image\" alt=\"\" srcset=\"https:\/\/www.babidibulibros.com\/wp-content\/uploads\/2023\/06\/edition-139547.jpg 956w, https:\/\/www.babidibulibros.com\/wp-content\/uploads\/2023\/06\/edition-139547-279x300.jpg 279w, https:\/\/www.babidibulibros.com\/wp-content\/uploads\/2023\/06\/edition-139547-952x1024.jpg 952w, https:\/\/www.babidibulibros.com\/wp-content\/uploads\/2023\/06\/edition-139547-768x826.jpg 768w\" sizes=\"auto, (max-width: 956px) 100vw, 956px\" \/>\t\t\t\t    <\/div>\n\t\t\t\t\t\t\t\t\t<div class=\"big-books-item\">\n\t\t\t\t\t\t<a class=\"big-books-item-link\" target=\"_self\" href=\"https:\/\/tienda.babidibulibros.com\/libro\/um-abraco-para-o-puas_147601\/\"><\/a>\n\t\t\t\t\t\t<img loading=\"lazy\" decoding=\"async\" width=\"600\" height=\"808\" src=\"https:\/\/www.babidibulibros.com\/wp-content\/uploads\/2023\/05\/edition-139898.jpg\" class=\"attachment-post-thumbnail size-post-thumbnail wp-post-image\" alt=\"\" srcset=\"https:\/\/www.babidibulibros.com\/wp-content\/uploads\/2023\/05\/edition-139898.jpg 600w, https:\/\/www.babidibulibros.com\/wp-content\/uploads\/2023\/05\/edition-139898-223x300.jpg 223w\" sizes=\"auto, (max-width: 600px) 100vw, 600px\" \/>\t\t\t\t    <\/div>\n\t\t\t\t\t\t\t\t\t<div class=\"big-books-item\">\n\t\t\t\t\t\t<a class=\"big-books-item-link\" target=\"_self\" href=\"https:\/\/tienda.babidibulibros.com\/libro\/a-viagem-do-meu-filho_147602\/\"><\/a>\n\t\t\t\t\t\t<img loading=\"lazy\" decoding=\"async\" width=\"614\" height=\"600\" src=\"https:\/\/www.babidibulibros.com\/wp-content\/uploads\/2023\/05\/edition-139893.jpg\" class=\"attachment-post-thumbnail size-post-thumbnail wp-post-image\" alt=\"\" srcset=\"https:\/\/www.babidibulibros.com\/wp-content\/uploads\/2023\/05\/edition-139893.jpg 614w, https:\/\/www.babidibulibros.com\/wp-content\/uploads\/2023\/05\/edition-139893-307x300.jpg 307w\" sizes=\"auto, (max-width: 614px) 100vw, 614px\" \/>\t\t\t\t    <\/div>\n\t\t\t\t\t\t\t\t\t<div class=\"big-books-item\">\n\t\t\t\t\t\t<a class=\"big-books-item-link\" target=\"_self\" href=\"https:\/\/tienda.babidibulibros.com\/libro\/pepita-power-inventora-de-aparelhitos-para-animalzitos_147598\/\"><\/a>\n\t\t\t\t\t\t<img loading=\"lazy\" decoding=\"async\" width=\"887\" height=\"600\" src=\"https:\/\/www.babidibulibros.com\/wp-content\/uploads\/2023\/05\/edition-139891.jpg\" class=\"attachment-post-thumbnail size-post-thumbnail wp-post-image\" alt=\"\" srcset=\"https:\/\/www.babidibulibros.com\/wp-content\/uploads\/2023\/05\/edition-139891.jpg 887w, https:\/\/www.babidibulibros.com\/wp-content\/uploads\/2023\/05\/edition-139891-444x300.jpg 444w, https:\/\/www.babidibulibros.com\/wp-content\/uploads\/2023\/05\/edition-139891-768x520.jpg 768w\" sizes=\"auto, (max-width: 887px) 100vw, 887px\" \/>\t\t\t\t    <\/div>\n\t\t\t\t\t\t\t\t\t<div class=\"big-books-item\">\n\t\t\t\t\t\t<a class=\"big-books-item-link\" target=\"_self\" href=\"https:\/\/tienda.babidibulibros.com\/libro\/todos-querem-ser-o-rei_147604\/\"><\/a>\n\t\t\t\t\t\t<img loading=\"lazy\" decoding=\"async\" width=\"816\" height=\"600\" src=\"https:\/\/www.babidibulibros.com\/wp-content\/uploads\/2023\/05\/edition-139895.jpg\" class=\"attachment-post-thumbnail size-post-thumbnail wp-post-image\" alt=\"\" srcset=\"https:\/\/www.babidibulibros.com\/wp-content\/uploads\/2023\/05\/edition-139895.jpg 816w, https:\/\/www.babidibulibros.com\/wp-content\/uploads\/2023\/05\/edition-139895-408x300.jpg 408w, https:\/\/www.babidibulibros.com\/wp-content\/uploads\/2023\/05\/edition-139895-768x565.jpg 768w\" sizes=\"auto, (max-width: 816px) 100vw, 816px\" \/>\t\t\t\t    <\/div>\n\t\t\t\t\t\t\t\t\t<\/div>\n\t<\/div>\n\t<div class=\"big-books-actions\">\n\t\t<a class=\"btn btn-primary\" href=\"https:\/\/tienda.babidibulibros.com\/categorias\/?catalog_language=spa\">\n\t\t\tVer cole\u00e7\u00f5es completas\t\t<\/a>\n\t<\/div>\n<\/div>\n\n\n\n<p>Outra das nossas senhas de identidade \u00e9 o <strong>amor que nutrimos por todas as l\u00ednguas<\/strong>, o que nos torna numa das editoras infantis espanholas que mais <a href=\"https:\/\/www.babidibulibros.com\/pt-pt\/livros-infantis-bilingues-idiomas\/\">obras bilingues<\/a> publica (livros em duas vers\u00f5es de acordo com as l\u00ednguas), tanto espanhol\/catal\u00e3o, espanhol\/basco, espanhol\/galego, espanhol\/valenciano. Prestamos especial aten\u00e7\u00e3o a qualquer trabalho que tenha uma inten\u00e7\u00e3o educativa dentro do nosso quadro de valores impl\u00edcitos, tanto a n\u00edvel nacional como internacional (ingl\u00eas, alem\u00e3o, italiano, portugu\u00eas&#8230;).&nbsp;<\/p>\n\n\n\n<p>Na <strong>BABIDI-B\u00da <\/strong>demos o salto para o mercado de e-books digitais em 2018, cinco anos ap\u00f3s a sua cria\u00e7\u00e3o, e atualmente o mesmo tornou-se num mercado base para a atividade da editora, com as vendas neste formato a duplicarem desde o in\u00edcio da pandemia.  &nbsp;<\/p>\n\n\n\n<p><\/p>\n\n\n\n<h2 class=\"wp-block-heading\">Apostamos nos autor@s emergentes <\/h2>\n\n\n\n<p>Colocamos os <strong>autores <\/strong>no centro do nosso compromisso editorial, especialmente os autores novos. Para tal, criamos um produto final de elevada qualidade, atrav\u00e9s de um modelo editorial sustent\u00e1vel que aborda as necessidades espec\u00edficas de cada um deles. Oferecemos um<strong> tratamento personalizado<\/strong> e muito <strong>pr\u00f3ximo<\/strong> que permite aos escritores tirar o melhor partido das suas obras e garantir um produto ao n\u00edvel dos padr\u00f5es mais elevados que existem no mundo da publica\u00e7\u00e3o profissional. Conseguimo-lo com processos de qualidade muito controlados, com uma equipa compacta e extremamente comprometida, e com uma distribui\u00e7\u00e3o nacional e internacional muito s\u00e9ria e solvente.&nbsp;&nbsp;&nbsp; &nbsp;<\/p>\n\n\n\n<p>As nossas edi\u00e7\u00f5es de <strong>capa dura<\/strong>, de alta qualidade, fazem a diferen\u00e7a, assim como o conte\u00fado gr\u00e1fico, realizado por ilustradores profissionais de todo o mundo que quiseram fazer parte da rede de ilustradores e da fam\u00edlia <strong>BABIDI-B\u00da<\/strong>. A editora tamb\u00e9m conta com uma vasta cartela de livrarias, distribuidores e exportadores que se est\u00e3o a encarregar de fazer chegar os livros a pontos de venda ao redor do mundo.<\/p>\n\n\n\n<div class=\"wp-block-buttons is-layout-flex wp-block-buttons-is-layout-flex\">\n<div class=\"wp-block-button aligncenter\"><a class=\"wp-block-button__link wp-element-button\" href=\"https:\/\/www.babidibulibros.com\/pt-pt\/publica-connosco\/\">Publicamos os sonhos que os autores transcendem <\/a><\/div>\n<\/div>\n\n\n\n<h2 class=\"wp-block-heading\">Editoras por tradi\u00e7\u00e3o<\/h2>\n\n\n\n<p><strong>BABIDI-B\u00da <\/strong>\u00e9 um projeto pessoal que nasce na mente da arquiteta sevilhana <strong><a href=\"https:\/\/www.babidibulibros.com\/pt-pt\/uma-equipa-com-alma-de-mulher\/\">Marta Montes<\/a><\/strong> (Sevilha, 1978). A Marta est\u00e1 vinculada ao mundo editorial por heren\u00e7a familiar, visto que a sua m\u00e3e, Maite Nieto, anteriormente j\u00e1 tinha fundado uma editora infantil e juvenil (2002) que lhe serviu de inspira\u00e7\u00e3o para come\u00e7ar o seu pr\u00f3prio caminho editorial no ano de 2013. Ao fim dos seus primeiros dez anos de vida, a editora j\u00e1 atingiu os 1.500 t\u00edtulos publicados. O seu portf\u00f3lio de autores tamb\u00e9m ultrapassa os mil e emprega diretamente 20 profissionais de diferentes perfis. Al\u00e9m disso, a editora tem o reconhecimento do Minist\u00e9rio da Cultura do governo da Espanha e do Minist\u00e9rio da Educa\u00e7\u00e3o da Junta de Andaluc\u00eda, e alguns de seus t\u00edtulos foram selecionados como material curricular aprovado em v\u00e1rias escolas do territ\u00f3rio espanhol.<\/p>\n\n\n\n<h2 class=\"wp-block-heading\">At\u00e9 onde vamos<\/h2>\n\n\n\n<p>A BABIDI-B\u00da est\u00e1 agora num projeto de internacionaliza\u00e7\u00e3o, implementando-se de maneira s\u00e9ria em pa\u00edses como a<strong> It\u00e1lia<\/strong> e <strong>Portugal<\/strong>. Por outro lado, prestando muita aten\u00e7\u00e3o \u00e0 exporta\u00e7\u00e3o dos seus livros para o estrangeiro com acordos de distribui\u00e7\u00e3o direta com diferentes distribuidores em v\u00e1rios pa\u00edses. <\/p>\n\n\n\n<div id=\"contact-block_bb53511638ab5a799b8e1a28e12f9f1e\" class=\"block-contact\">\n\t<div class=\"block-contact-txt\">\n\t\t<h2>Contacta-nos<\/h2>\n\t\t<p>Liga-nos ou pede-nos que te liguemos para pedir assessoramento<\/p>\n\t<\/div>\n\t<div class=\"block-contact-items\">\n\t\t<div class=\"contact-item\">\n\t\t\t<a href=\"https:\/\/api.whatsapp.com\/send?phone=34653754771&#038;\" alt=\"Whatsapp Babidibu\" rel=\"nofollow noopener\" target=\"_blank\">\n\t\t\t\t<div class=\"contact-item-icon\">\n\t\t\t\t\t<i class=\"ri-whatsapp-line\"><\/i> \n\t\t\t\t<\/div>\n\t\t\t\t<div class=\"contact-item-txt\">\n\t\t\t\t\tWhatsApp\n\t\t\t\t<\/div>\n\t\t\t<\/a>\n\t\t<\/div>\n\t\t<div class=\"contact-item\">\n\t\t\t<a href=\"tel:+34653754771\" alt=\"Ligar para a Babidib\u00fa\">\n\t\t\t\t<div class=\"contact-item-icon\">\n\t\t\t\t\t<i class=\"ri-smartphone-line\"><\/i>\n\t\t\t\t<\/div>\n\t\t\t\t<div class=\"contact-item-txt\">\n\t\t\t\tTelefone\t\t\t\t<\/div>\n\t\t\t<\/a>\n\t\t<\/div>\n\t\t<div class=\"contact-item\">\n\t\t\t<a href=\"https:\/\/www.babidibulibros.com\/publica-con-nosotros\/\">\n\t\t\t\t<div class=\"contact-item-icon\">\n\t\t\t\t\t<i class=\"ri-file-list-3-line\"><\/i>\n\t\t\t\t<\/div>\n\t\t\t\t<div class=\"contact-item-txt\">\n\t\t\t\t\tManuscrito\t\t\t\t<\/div>\n\t\t\t<\/a>\n\t\t<\/div>\n\t<\/div>\n<\/div>\n\n\n<section id=\"faq-block_6d7372b90b6470258d152bc6c30ce5e9\" class=\"section section-faqs faq\">\n\t<div class=\"container\">\n\t\t\t\t\t<div class=\"accordion\" id=\"accordionFAQ\">\n\t\t\t\t\t\t\t         <div class=\"card\">\n\t\t\t            <div class=\"card-header\" id=\"heading-1\">\n\t\t\t               <button class=\"collapsed\" type=\"button\" data-toggle=\"collapse\" data-target=\"#collapse-1\" aria-expanded=\"false\" aria-controls=\"collapse-1\">\n\t\t\t               <span>Quem somos?<\/span>\n\t\t\t               <\/button>\n\t\t\t            <\/div>\n\t\t\t            <div id=\"collapse-1\" class=\"collapse\" aria-labelledby=\"heading-1\" data-parent=\"#accordionFAQ\" style=\"\">\n\t\t\t               <div class=\"card-body\">\n\t\t\t                  A Editora BABIDI-B\u00da \u00e9 uma editora especializada em livros infantis e juvenis. As nossas publica\u00e7\u00f5es respondem duplamente aos desafios culturais do mundo atual. Proporcionam valores e interesse social na educa\u00e7\u00e3o e desenvolvimento da inf\u00e2ncia e adolesc\u00eancia. Aproximam a edi\u00e7\u00e3o e a publica\u00e7\u00e3o profissional aos autores emergentes.\t\t\t               <\/div>\n\t\t\t            <\/div>\n\t\t\t         <\/div>\n\t\t\t\t\t\t\t         <div class=\"card\">\n\t\t\t            <div class=\"card-header\" id=\"heading-2\">\n\t\t\t               <button class=\"collapsed\" type=\"button\" data-toggle=\"collapse\" data-target=\"#collapse-2\" aria-expanded=\"false\" aria-controls=\"collapse-2\">\n\t\t\t               <span>Qual \u00e9 o desafio duplo da BABIDI-B\u00da?<\/span>\n\t\t\t               <\/button>\n\t\t\t            <\/div>\n\t\t\t            <div id=\"collapse-2\" class=\"collapse\" aria-labelledby=\"heading-2\" data-parent=\"#accordionFAQ\" style=\"\">\n\t\t\t               <div class=\"card-body\">\n\t\t\t                  \u201cEditar livros, publicar sonhos\u201d. O nosso objetivo principal \u00e9 dar um servi\u00e7o cultural aos autores que t\u00eam a necessidade de se expressar mediante a publica\u00e7\u00e3o dos seus conte\u00fados&#8230; ou sonhos. Ao mesmo tempo, assumimos um compromisso educativo com os nossos filhos, aos quais fornecemos livros que os ajudam a disfrutar da leitura e com os quais, por sua vez, podem aprender valores impl\u00edcitos, valores humanos, que contribuem para que se tornem pessoas melhores. \t\t\t               <\/div>\n\t\t\t            <\/div>\n\t\t\t         <\/div>\n\t\t\t\t\t\t\t         <div class=\"card\">\n\t\t\t            <div class=\"card-header\" id=\"heading-3\">\n\t\t\t               <button class=\"collapsed\" type=\"button\" data-toggle=\"collapse\" data-target=\"#collapse-3\" aria-expanded=\"false\" aria-controls=\"collapse-3\">\n\t\t\t               <span>Como definimos a cultura empresarial?<\/span>\n\t\t\t               <\/button>\n\t\t\t            <\/div>\n\t\t\t            <div id=\"collapse-3\" class=\"collapse\" aria-labelledby=\"heading-3\" data-parent=\"#accordionFAQ\" style=\"\">\n\t\t\t               <div class=\"card-body\">\n\t\t\t                  Com a palavra &#8220;servi\u00e7o&#8221;.  Como \u00e9 que nos distinguimos das dezenas de editoras infantis que existem em Espanha? Realmente com um servi\u00e7o e com uma qualidade melhor que a dos demais, \u00c9 a\u00ed que entram as pessoas: se temos escrit\u00f3rios parecidos, se temos softwares parecidos, se trabalhamos com as mesmas imprensas, se utilizamos os mesmos pap\u00e9is e se vivemos num mundo globalizado parecido, a gest\u00e3o das pessoas, a &#8220;nossa equipa&#8221;, \u00e9 o que marca a diferen\u00e7a. \r\n\r\n\t\t\t               <\/div>\n\t\t\t            <\/div>\n\t\t\t         <\/div>\n\t\t\t\t\t\t\t         <div class=\"card\">\n\t\t\t            <div class=\"card-header\" id=\"heading-4\">\n\t\t\t               <button class=\"collapsed\" type=\"button\" data-toggle=\"collapse\" data-target=\"#collapse-4\" aria-expanded=\"false\" aria-controls=\"collapse-4\">\n\t\t\t               <span>Porqu\u00ea escolher a BABIDI-B\u00da para publicar?<\/span>\n\t\t\t               <\/button>\n\t\t\t            <\/div>\n\t\t\t            <div id=\"collapse-4\" class=\"collapse\" aria-labelledby=\"heading-4\" data-parent=\"#accordionFAQ\" style=\"\">\n\t\t\t               <div class=\"card-body\">\n\t\t\t                  Porque te acompanharemos durante todo o processo de edi\u00e7\u00e3o, desde a rece\u00e7\u00e3o da obra at\u00e9 \u00e0 sua coloca\u00e7\u00e3o em distribui\u00e7\u00e3o e promo\u00e7\u00e3o. A nossa equipa de profissionais estar\u00e1 contigo durante todo o processo, acompanhando-te durante todos os passos a seguir e todos os procedimentos a realizar.  \t\t\t               <\/div>\n\t\t\t            <\/div>\n\t\t\t         <\/div>\n\t\t\t\t\t\t\t         <div class=\"card\">\n\t\t\t            <div class=\"card-header\" id=\"heading-5\">\n\t\t\t               <button class=\"collapsed\" type=\"button\" data-toggle=\"collapse\" data-target=\"#collapse-5\" aria-expanded=\"false\" aria-controls=\"collapse-5\">\n\t\t\t               <span>A minha obra aborda um tema nunca antes visto! Ir\u00e3o publicar-me? <\/span>\n\t\t\t               <\/button>\n\t\t\t            <\/div>\n\t\t\t            <div id=\"collapse-5\" class=\"collapse\" aria-labelledby=\"heading-5\" data-parent=\"#accordionFAQ\" style=\"\">\n\t\t\t               <div class=\"card-body\">\n\t\t\t                  Na BABIDI-B\u00da somos especialistas na publica\u00e7\u00e3o de tem\u00e1ticas que outros selos n\u00e3o publicam, como livros em forma de ferramentas que trabalham tem\u00e1ticas como o abuso infantil, suic\u00eddio, doen\u00e7as infantis&#8230; \r\nEntendemos que cada leitor precisa de uma hist\u00f3ria \u00fanica com a qual se possa conectar e sentir representado, por isso, sempre que a obra contribuir com os seus valores diferenciais de leitura para as nossas crian\u00e7as, na BABIDI-B\u00da encontrar\u00e1s o teu selo editorial.\r\n\r\n \t\t\t               <\/div>\n\t\t\t            <\/div>\n\t\t\t         <\/div>\n\t\t\t\t\t\t\t         <div class=\"card\">\n\t\t\t            <div class=\"card-header\" id=\"heading-6\">\n\t\t\t               <button class=\"collapsed\" type=\"button\" data-toggle=\"collapse\" data-target=\"#collapse-6\" aria-expanded=\"false\" aria-controls=\"collapse-6\">\n\t\t\t               <span>Este modelo de trabalho tem \u00e9xito?<\/span>\n\t\t\t               <\/button>\n\t\t\t            <\/div>\n\t\t\t            <div id=\"collapse-6\" class=\"collapse\" aria-labelledby=\"heading-6\" data-parent=\"#accordionFAQ\" style=\"\">\n\t\t\t               <div class=\"card-body\">\n\t\t\t                  Sim! Desde ent\u00e3o, j\u00e1 public\u00e1mos cerca de 1.500 livros de novos autores e n\u00e3o s\u00f3 isso, muitos dos nossos autores continuaram a publicar connosco o resto dos seus livros. Dia ap\u00f3s dia continuamos a receber os nossos manuscritos de novos autores, que decidem publicar com a BABIDI-B\u00da. \r\n\r\n\t\t\t               <\/div>\n\t\t\t            <\/div>\n\t\t\t         <\/div>\n\t\t\t\t\t\t\t<\/div>\n\t\t\t\t<div class=\"text-center support-text\">\n\t\t\t<p>Tens mais perguntas? <a href=\"https:\/\/www.babidibulibros.com\/contacto\/\">Contacta-nos<\/a><\/p> \n\t\t<\/div>\n\t<\/div>\n\t<script type=\"application\/ld+json\">\n\t\t{\n\t    \t\"@context\": \"https:\/\/schema.org\",\n\t\t\t\"@type\": \"FAQPage\",\n\t\t\t\"mainEntity\": [\n\t\t\t\t\t\t\t\t\t{\n\t\t\t\t        \"@type\": \"Question\",\n\t\t\t\t        \"name\": \"Quem somos?\",\n\t\t\t\t        \"acceptedAnswer\": {\n\t\t\t\t        \t\"@type\": \"Answer\",\n\t\t\t\t\t\t\t\"text\": \"A Editora BABIDI-B\u00da \u00e9 uma editora especializada em livros infantis e juvenis. As nossas publica\u00e7\u00f5es respondem duplamente aos desafios culturais do mundo atual. Proporcionam valores e interesse social na educa\u00e7\u00e3o e desenvolvimento da inf\u00e2ncia e adolesc\u00eancia. Aproximam a edi\u00e7\u00e3o e a publica\u00e7\u00e3o profissional aos autores emergentes.\"\n\t\t\t\t\t\t}\n\t\t\t\t    }\n\t\t\t\t    \t\t\t\t    \n\t\t\t\t\t\t\t\t\t\t,{\n\t\t\t\t\t        \"@type\": \"Question\",\n\t\t\t\t\t        \"name\": \"Qual \u00e9 o desafio duplo da BABIDI-B\u00da?\",\n\t\t\t\t\t        \"acceptedAnswer\": {\n\t\t\t\t\t        \t\"@type\": \"Answer\",\n\t\t\t\t\t\t\t\t\"text\": \"\u201cEditar livros, publicar sonhos\u201d. O nosso objetivo principal \u00e9 dar um servi\u00e7o cultural aos autores que t\u00eam a necessidade de se expressar mediante a publica\u00e7\u00e3o dos seus conte\u00fados... ou sonhos. Ao mesmo tempo, assumimos um compromisso educativo com os nossos filhos, aos quais fornecemos livros que os ajudam a disfrutar da leitura e com os quais, por sua vez, podem aprender valores impl\u00edcitos, valores humanos, que contribuem para que se tornem pessoas melhores. \"\n\t\t\t\t\t\t\t}\n\t\t\t\t\t    }\n\t\t\t\t    \t\t\t\t    \n\t\t\t\t\t\t\t\t\t\t,{\n\t\t\t\t\t        \"@type\": \"Question\",\n\t\t\t\t\t        \"name\": \"Como definimos a cultura empresarial?\",\n\t\t\t\t\t        \"acceptedAnswer\": {\n\t\t\t\t\t        \t\"@type\": \"Answer\",\n\t\t\t\t\t\t\t\t\"text\": \"Com a palavra \"servi\u00e7o\".  Como \u00e9 que nos distinguimos das dezenas de editoras infantis que existem em Espanha? Realmente com um servi\u00e7o e com uma qualidade melhor que a dos demais, \u00c9 a\u00ed que entram as pessoas: se temos escrit\u00f3rios parecidos, se temos softwares parecidos, se trabalhamos com as mesmas imprensas, se utilizamos os mesmos pap\u00e9is e se vivemos num mundo globalizado parecido, a gest\u00e3o das pessoas, a \"nossa equipa\", \u00e9 o que marca a diferen\u00e7a. \r\n\r\n\"\n\t\t\t\t\t\t\t}\n\t\t\t\t\t    }\n\t\t\t\t    \t\t\t\t    \n\t\t\t\t\t\t\t\t\t\t,{\n\t\t\t\t\t        \"@type\": \"Question\",\n\t\t\t\t\t        \"name\": \"Porqu\u00ea escolher a BABIDI-B\u00da para publicar?\",\n\t\t\t\t\t        \"acceptedAnswer\": {\n\t\t\t\t\t        \t\"@type\": \"Answer\",\n\t\t\t\t\t\t\t\t\"text\": \"Porque te acompanharemos durante todo o processo de edi\u00e7\u00e3o, desde a rece\u00e7\u00e3o da obra at\u00e9 \u00e0 sua coloca\u00e7\u00e3o em distribui\u00e7\u00e3o e promo\u00e7\u00e3o. A nossa equipa de profissionais estar\u00e1 contigo durante todo o processo, acompanhando-te durante todos os passos a seguir e todos os procedimentos a realizar.  \"\n\t\t\t\t\t\t\t}\n\t\t\t\t\t    }\n\t\t\t\t    \t\t\t\t    \n\t\t\t\t\t\t\t\t\t\t,{\n\t\t\t\t\t        \"@type\": \"Question\",\n\t\t\t\t\t        \"name\": \"A minha obra aborda um tema nunca antes visto! Ir\u00e3o publicar-me? \",\n\t\t\t\t\t        \"acceptedAnswer\": {\n\t\t\t\t\t        \t\"@type\": \"Answer\",\n\t\t\t\t\t\t\t\t\"text\": \"Na BABIDI-B\u00da somos especialistas na publica\u00e7\u00e3o de tem\u00e1ticas que outros selos n\u00e3o publicam, como livros em forma de ferramentas que trabalham tem\u00e1ticas como o abuso infantil, suic\u00eddio, doen\u00e7as infantis... \r\nEntendemos que cada leitor precisa de uma hist\u00f3ria \u00fanica com a qual se possa conectar e sentir representado, por isso, sempre que a obra contribuir com os seus valores diferenciais de leitura para as nossas crian\u00e7as, na BABIDI-B\u00da encontrar\u00e1s o teu selo editorial.\r\n\r\n \"\n\t\t\t\t\t\t\t}\n\t\t\t\t\t    }\n\t\t\t\t    \t\t\t\t    \n\t\t\t\t\t\t\t\t\t\t,{\n\t\t\t\t\t        \"@type\": \"Question\",\n\t\t\t\t\t        \"name\": \"Este modelo de trabalho tem \u00e9xito?\",\n\t\t\t\t\t        \"acceptedAnswer\": {\n\t\t\t\t\t        \t\"@type\": \"Answer\",\n\t\t\t\t\t\t\t\t\"text\": \"Sim! Desde ent\u00e3o, j\u00e1 public\u00e1mos cerca de 1.500 livros de novos autores e n\u00e3o s\u00f3 isso, muitos dos nossos autores continuaram a publicar connosco o resto dos seus livros. Dia ap\u00f3s dia continuamos a receber os nossos manuscritos de novos autores, que decidem publicar com a BABIDI-B\u00da. \r\n\r\n\"\n\t\t\t\t\t\t\t}\n\t\t\t\t\t    }\n\t\t\t\t    \t\t\t\t    \n\t\t\t\t\t\t\t]\n\t    }\n    <\/script>    \n<\/section>\n\n\n\n\n\n\n\n\n","protected":false},"excerpt":{"rendered":"<p>Uma editora especializada em livros para o p\u00fablico infantil e juvenil As nossas publica\u00e7\u00f5es respondem duplamente aos desafios culturais do [&hellip;]<\/p>\n","protected":false},"author":4,"featured_media":0,"parent":0,"menu_order":0,"comment_status":"closed","ping_status":"closed","template":"","meta":{"_acf_changed":false,"content-type":"","footnotes":""},"class_list":["post-61066","page","type-page","status-publish","hentry"],"acf":[],"_links":{"self":[{"href":"https:\/\/www.babidibulibros.com\/pt-pt\/wp-json\/wp\/v2\/pages\/61066","targetHints":{"allow":["GET"]}}],"collection":[{"href":"https:\/\/www.babidibulibros.com\/pt-pt\/wp-json\/wp\/v2\/pages"}],"about":[{"href":"https:\/\/www.babidibulibros.com\/pt-pt\/wp-json\/wp\/v2\/types\/page"}],"author":[{"embeddable":true,"href":"https:\/\/www.babidibulibros.com\/pt-pt\/wp-json\/wp\/v2\/users\/4"}],"replies":[{"embeddable":true,"href":"https:\/\/www.babidibulibros.com\/pt-pt\/wp-json\/wp\/v2\/comments?post=61066"}],"version-history":[{"count":3,"href":"https:\/\/www.babidibulibros.com\/pt-pt\/wp-json\/wp\/v2\/pages\/61066\/revisions"}],"predecessor-version":[{"id":80694,"href":"https:\/\/www.babidibulibros.com\/pt-pt\/wp-json\/wp\/v2\/pages\/61066\/revisions\/80694"}],"wp:attachment":[{"href":"https:\/\/www.babidibulibros.com\/pt-pt\/wp-json\/wp\/v2\/media?parent=61066"}],"curies":[{"name":"wp","href":"https:\/\/api.w.org\/{rel}","templated":true}]}}